{"id":21338,"date":"2019-12-10T17:16:13","date_gmt":"2019-12-10T16:16:13","guid":{"rendered":"https:\/\/genevaclassiccarclub.ch\/produit\/citroen-ami-6\/"},"modified":"2020-01-28T20:50:45","modified_gmt":"2020-01-28T19:50:45","slug":"citroen-ami-6","status":"publish","type":"product","link":"https:\/\/genevaclassiccarclub.ch\/de\/produit\/citroen-ami-6\/","title":{"rendered":"Citroen Ami 6"},"content":{"rendered":"<p>[et_pb_section fb_built=&#8220;1&#8243; fullwidth=&#8220;on&#8220; _builder_version=&#8220;4.1&#8243; min_height=&#8220;75px&#8220; height=&#8220;75px&#8220; max_height=&#8220;75px&#8220; global_module=&#8220;22495&#8243;][et_pb_fullwidth_menu fullwidth_menu=&#8220;on&#8220; active_link_color=&#8220;#a80606&#8243; logo=&#8220;https:\/\/genevaclassiccarclub.ch\/wp-content\/uploads\/2019\/12\/gccc_logo_resize.png&#8220; logo_url=&#8220;@ET-DC@eyJkeW5hbWljIjp0cnVlLCJjb250ZW50IjoiaG9tZV91cmwiLCJzZXR0aW5ncyI6e319@&#8220; logo_max_height=&#8220;45px&#8220; show_cart_icon=&#8220;on&#8220; _builder_version=&#8220;4.1&#8243; _dynamic_attributes=&#8220;logo_url&#8220; menu_font=&#8220;Georgia||||||||&#8220; menu_text_color=&#8220;#000000&#8243; menu_font_size=&#8220;16px&#8220; use_background_color_gradient=&#8220;on&#8220; background_color_gradient_start=&#8220;#ffffff&#8220; background_color_gradient_end=&#8220;#ededed&#8220; background_color_gradient_direction=&#8220;90deg&#8220; background_color_gradient_overlays_image=&#8220;on&#8220; text_orientation=&#8220;right&#8220; border_width_bottom=&#8220;1px&#8220; border_color_bottom=&#8220;#bababa&#8220;][\/et_pb_fullwidth_menu][\/et_pb_section][et_pb_section fb_built=&#8220;1&#8243; fullwidth=&#8220;on&#8220; admin_label=&#8220;Section&#8220; _builder_version=&#8220;4.0.6&#8243; use_background_color_gradient=&#8220;on&#8220; background_color_gradient_start=&#8220;#000202&#8243; background_color_gradient_end=&#8220;#ba0000&#8243; background_color_gradient_direction=&#8220;90deg&#8220; height=&#8220;5px&#8220; saved_tabs=&#8220;all&#8220;][\/et_pb_section][et_pb_section fb_built=&#8220;1&#8243; _builder_version=&#8220;4.0.6&#8243; use_background_color_gradient=&#8220;on&#8220; background_color_gradient_start=&#8220;rgba(255,255,255,0.52)&#8220; background_color_gradient_end=&#8220;rgba(255,255,255,0)&#8220; background_color_gradient_direction=&#8220;90deg&#8220; background_color_gradient_start_position=&#8220;56%&#8220; background_color_gradient_overlays_image=&#8220;on&#8220; background_image=&#8220;https:\/\/genevaclassiccarclub.ch\/wp-content\/uploads\/2017\/07\/1_citroen_ami6.jpeg&#8220; width_tablet=&#8220;&#8220; width_phone=&#8220;&#8220; width_last_edited=&#8220;on|phone&#8220; max_width=&#8220;100%&#8220; custom_padding=&#8220;38px||||false|false&#8220;][et_pb_row _builder_version=&#8220;4.1&#8243; background_color=&#8220;#ffffff&#8220; background_size=&#8220;initial&#8220; background_position=&#8220;top_left&#8220; background_repeat=&#8220;repeat&#8220; width_tablet=&#8220;&#8220; width_phone=&#8220;100%&#8220; width_last_edited=&#8220;on|phone&#8220; custom_margin=&#8220;||||false|false&#8220; custom_margin_tablet=&#8220;&#8220; custom_margin_phone=&#8220;|0px||0px|false|false&#8220; custom_margin_last_edited=&#8220;on|phone&#8220; custom_padding=&#8220;15px|35px|29px|26px|false|false&#8220; hover_enabled=&#8220;0&#8243; saved_tabs=&#8220;all&#8220;][et_pb_column type=&#8220;4_4&#8243; _builder_version=&#8220;4.0.6&#8243; custom_padding=&#8220;|||&#8220; custom_padding_tablet=&#8220;&#8220; custom_padding_phone=&#8220;|30px||30px|false|false&#8220; custom_padding_last_edited=&#8220;on|phone&#8220; custom_padding__hover=&#8220;|||&#8220;][et_pb_wc_title _builder_version=&#8220;3.0.47&#8243; custom_margin=&#8220;||-3px|||&#8220; custom_padding=&#8220;||18px|||&#8220;][\/et_pb_wc_title][et_pb_wc_description description_type=&#8220;description&#8220; _builder_version=&#8220;4.0.6&#8243; body_font=&#8220;||||||||&#8220; body_font_size=&#8220;15px&#8220; background_enable_color=&#8220;off&#8220;][\/et_pb_wc_description][\/et_pb_column][\/et_pb_row][et_pb_row column_structure=&#8220;1_2,1_2&#8243; _builder_version=&#8220;4.0.6&#8243; background_color=&#8220;#ffffff&#8220; background_size=&#8220;initial&#8220; background_position=&#8220;top_left&#8220; background_repeat=&#8220;repeat&#8220; width=&#8220;100%&#8220; custom_padding=&#8220;0px||0px||false|false&#8220; saved_tabs=&#8220;all&#8220;][et_pb_column type=&#8220;1_2&#8243; _builder_version=&#8220;3.25&#8243; custom_padding=&#8220;|||&#8220; custom_padding__hover=&#8220;|||&#8220;][et_pb_wc_images show_sale_badge=&#8220;off&#8220; _builder_version=&#8220;4.0.6&#8243;][\/et_pb_wc_images][\/et_pb_column][et_pb_column type=&#8220;1_2&#8243; _builder_version=&#8220;4.0.6&#8243; background_enable_color=&#8220;off&#8220; use_background_color_gradient=&#8220;on&#8220; background_color_gradient_start=&#8220;rgba(81,81,81,0.63)&#8220; background_color_gradient_end=&#8220;#515151&#8243; background_color_gradient_start_position=&#8220;13%&#8220; custom_padding=&#8220;20px|20px|20px|20px|false|false&#8220; border_radii=&#8220;on|2px|2px|2px|2px&#8220; box_shadow_style=&#8220;preset4&#8243; box_shadow_horizontal=&#8220;0px&#8220; box_shadow_vertical=&#8220;4px&#8220; box_shadow_spread=&#8220;-1px&#8220; box_shadow_color=&#8220;rgba(0,0,0,0.13)&#8220; custom_padding__hover=&#8220;|||&#8220;][et_pb_wc_description _builder_version=&#8220;4.0.6&#8243; body_text_color=&#8220;#ffffff&#8220;][\/et_pb_wc_description][\/et_pb_column][\/et_pb_row][et_pb_row _builder_version=&#8220;4.1&#8243; background_color=&#8220;#ffffff&#8220; width_tablet=&#8220;&#8220; width_phone=&#8220;100%&#8220; width_last_edited=&#8220;on|phone&#8220; custom_padding=&#8220;|20px||20px|false|false&#8220;][et_pb_column type=&#8220;4_4&#8243; _builder_version=&#8220;4.0.6&#8243;][et_pb_testimonial author=&#8220;Sabine R.&#8220; _builder_version=&#8220;4.0.6&#8243;]Driving round in this car really feels good, like holidays. Somehow the funny shape reduces the seriousness of the usual, pragmatic traffic, somehow the funny noise \u2013 deng-deng-deng-deng \u2013 and the big windows, through which you see the landscape flying by convey immediately the feeling of ease and well-being. Besides everybody smiles at you, because the unusual shape attracts a lot of amused attraction. A strong point for guys, by the way \u2013 women love this car \u2026 \u00a0It\u2019s not hard to drive, once you get the grip of the steering, which is a bit truck-like. The gearshift is placed near the steering wheel, very handy by the way (I wonder why they stopped doing it), and furthermore the car is technically rather basic, so to speak, the dashboard has no more than three or four switches, light, windshield wipers(?), choke. The suspension is settee-soft, like in all classic Citro\u00ebns, and it tips at bit in the curves, which is fun too. It\u2019s so very different from driving a modern car and the feeling of sitting enclosed in a time capsule is truly great!!![\/et_pb_testimonial][et_pb_post_nav in_same_term=&#8220;on&#8220; taxonomy_name=&#8220;product_cat&#8220; _builder_version=&#8220;4.0.6&#8243; background_enable_color=&#8220;off&#8220;][\/et_pb_post_nav][\/et_pb_column][\/et_pb_row][\/et_pb_section][et_pb_section fb_built=&#8220;1&#8243; fullwidth=&#8220;on&#8220; admin_label=&#8220;Section&#8220; _builder_version=&#8220;4.0.6&#8243; use_background_color_gradient=&#8220;on&#8220; background_color_gradient_start=&#8220;#000202&#8243; background_color_gradient_end=&#8220;#ba0000&#8243; background_color_gradient_direction=&#8220;90deg&#8220; height=&#8220;5px&#8220; saved_tabs=&#8220;all&#8220;][\/et_pb_section][et_pb_section fb_built=&#8220;1&#8243; _builder_version=&#8220;4.0.6&#8243; background_enable_color=&#8220;off&#8220; use_background_color_gradient=&#8220;on&#8220; background_color_gradient_start=&#8220;#000000&#8243; background_color_gradient_end=&#8220;#2d2d2d&#8220; background_color_gradient_direction=&#8220;90deg&#8220; height=&#8220;126px&#8220; height_tablet=&#8220;&#8220; height_phone=&#8220;&#8220; height_last_edited=&#8220;on|phone&#8220; custom_margin_tablet=&#8220;&#8220; custom_margin_phone=&#8220;||0px||false|false&#8220; custom_margin_last_edited=&#8220;on|phone&#8220; custom_padding=&#8220;0px||4px|||&#8220; global_module=&#8220;21181&#8243; saved_tabs=&#8220;all&#8220;][et_pb_row column_structure=&#8220;1_5,1_5,1_5,1_5,1_5&#8243; use_custom_gutter=&#8220;on&#8220; gutter_width=&#8220;1&#8243; make_equal=&#8220;on&#8220; _builder_version=&#8220;4.1&#8243; custom_padding=&#8220;||0px||false|false&#8220;][et_pb_column type=&#8220;1_5&#8243; _builder_version=&#8220;4.0.6&#8243;][et_pb_blurb title=&#8220;Kontakt&#8220; url=&#8220;@ET-DC@eyJkeW5hbWljIjp0cnVlLCJjb250ZW50IjoicG9zdF9saW5rX3VybF9wYWdlIiwic2V0dGluZ3MiOnsicG9zdF9pZCI6IjU5In19@&#8220; use_icon=&#8220;on&#8220; font_icon=&#8220;%%153%%&#8220; icon_color=&#8220;#ffffff&#8220; content_max_width=&#8220;80px&#8220; use_icon_font_size=&#8220;on&#8220; icon_font_size=&#8220;36px&#8220; _builder_version=&#8220;4.1&#8243; _dynamic_attributes=&#8220;url&#8220; header_level=&#8220;h5&#8243; header_font=&#8220;Georgia||||||||&#8220; header_text_align=&#8220;center&#8220; header_text_color=&#8220;#ffffff&#8220; body_text_align=&#8220;center&#8220; text_orientation=&#8220;center&#8220; width=&#8220;80px&#8220; module_alignment=&#8220;center&#8220; custom_margin=&#8220;||25px||false|false&#8220; animation=&#8220;off&#8220; custom_css_blurb_image=&#8220;margin-bottom:15px;&#8220;][\/et_pb_blurb][\/et_pb_column][et_pb_column type=&#8220;1_5&#8243; _builder_version=&#8220;4.0.6&#8243;][et_pb_blurb title=&#8220;\u00dcber Uns&#8220; url=&#8220;@ET-DC@eyJkeW5hbWljIjp0cnVlLCJjb250ZW50IjoicG9zdF9saW5rX3VybF9wYWdlIiwic2V0dGluZ3MiOnsicG9zdF9pZCI6IjU3In19@&#8220; use_icon=&#8220;on&#8220; font_icon=&#8220;%%258%%&#8220; icon_color=&#8220;#ffffff&#8220; content_max_width=&#8220;80px&#8220; use_icon_font_size=&#8220;on&#8220; icon_font_size=&#8220;36px&#8220; _builder_version=&#8220;4.1&#8243; _dynamic_attributes=&#8220;url&#8220; header_level=&#8220;h5&#8243; header_font=&#8220;Georgia||||||||&#8220; header_text_align=&#8220;center&#8220; header_text_color=&#8220;#ffffff&#8220; body_text_align=&#8220;center&#8220; text_orientation=&#8220;center&#8220; width=&#8220;80px&#8220; module_alignment=&#8220;center&#8220; custom_margin=&#8220;||25px||false|false&#8220; animation=&#8220;off&#8220; custom_css_blurb_image=&#8220;margin-bottom:15px;&#8220;][\/et_pb_blurb][\/et_pb_column][et_pb_column type=&#8220;1_5&#8243; _builder_version=&#8220;4.0.6&#8243;][et_pb_blurb title=&#8220;AGB&#8220; url=&#8220;@ET-DC@eyJkeW5hbWljIjp0cnVlLCJjb250ZW50IjoicG9zdF9saW5rX3VybF9wYWdlIiwic2V0dGluZ3MiOnsicG9zdF9pZCI6IjUzMyJ9fQ==@&#8220; use_icon=&#8220;on&#8220; font_icon=&#8220;%%168%%&#8220; icon_color=&#8220;#ffffff&#8220; content_max_width=&#8220;90px&#8220; use_icon_font_size=&#8220;on&#8220; icon_font_size=&#8220;36px&#8220; _builder_version=&#8220;4.1&#8243; _dynamic_attributes=&#8220;url&#8220; header_level=&#8220;h5&#8243; header_font=&#8220;Georgia||||||||&#8220; header_text_align=&#8220;center&#8220; header_text_color=&#8220;#ffffff&#8220; body_text_align=&#8220;center&#8220; text_orientation=&#8220;center&#8220; width=&#8220;90px&#8220; module_alignment=&#8220;center&#8220; custom_margin=&#8220;||25px||false|false&#8220; animation=&#8220;off&#8220; custom_css_blurb_image=&#8220;margin-bottom:15px;&#8220;][\/et_pb_blurb][\/et_pb_column][et_pb_column type=&#8220;1_5&#8243; _builder_version=&#8220;4.0.6&#8243;][et_pb_blurb title=&#8220;Archiv&#8220; url=&#8220;@ET-DC@eyJkeW5hbWljIjp0cnVlLCJjb250ZW50IjoicG9zdF9saW5rX3VybF9wYWdlIiwic2V0dGluZ3MiOnsicG9zdF9pZCI6IjI1MzQifX0=@&#8220; use_icon=&#8220;on&#8220; font_icon=&#8220;%%125%%&#8220; icon_color=&#8220;#ffffff&#8220; content_max_width=&#8220;80px&#8220; use_icon_font_size=&#8220;on&#8220; icon_font_size=&#8220;36px&#8220; _builder_version=&#8220;4.1&#8243; _dynamic_attributes=&#8220;url&#8220; header_level=&#8220;h5&#8243; header_font=&#8220;Georgia||||||||&#8220; header_text_align=&#8220;center&#8220; header_text_color=&#8220;#ffffff&#8220; body_text_align=&#8220;center&#8220; text_orientation=&#8220;center&#8220; width=&#8220;80px&#8220; module_alignment=&#8220;center&#8220; custom_margin=&#8220;||25px||false|false&#8220; animation=&#8220;off&#8220; custom_css_blurb_image=&#8220;margin-bottom:15px;&#8220;][\/et_pb_blurb][\/et_pb_column][et_pb_column type=&#8220;1_5&#8243; _builder_version=&#8220;4.0.6&#8243;][et_pb_blurb title=&#8220;FAQ&#8220; url=&#8220;@ET-DC@eyJkeW5hbWljIjp0cnVlLCJjb250ZW50IjoicG9zdF9saW5rX3VybF9wYWdlIiwic2V0dGluZ3MiOnsicG9zdF9pZCI6IjIwMjU2In19@&#8220; use_icon=&#8220;on&#8220; font_icon=&#8220;%%84%%&#8220; icon_color=&#8220;#ffffff&#8220; content_max_width=&#8220;80px&#8220; use_icon_font_size=&#8220;on&#8220; icon_font_size=&#8220;36px&#8220; _builder_version=&#8220;4.1&#8243; _dynamic_attributes=&#8220;url&#8220; header_level=&#8220;h5&#8243; header_font=&#8220;Georgia||||||||&#8220; header_text_align=&#8220;center&#8220; header_text_color=&#8220;#ffffff&#8220; body_text_align=&#8220;center&#8220; text_orientation=&#8220;center&#8220; width=&#8220;80px&#8220; module_alignment=&#8220;center&#8220; custom_margin=&#8220;||25px||false|false&#8220; animation=&#8220;off&#8220; custom_css_blurb_image=&#8220;margin-bottom:15px;&#8220;][\/et_pb_blurb][\/et_pb_column][\/et_pb_row][\/et_pb_section]<\/p>\n","protected":false},"excerpt":{"rendered":"<div class=\"et_pb_module et_pb_text et_pb_text_1 et_pb_bg_layout_light et_pb_text_align_left\">\n<div class=\"et_pb_text_inner\">\n<div class=\"et_pb_module et_pb_text et_pb_text_1 et_pb_bg_layout_light et_pb_text_align_left\">\n<div class=\"et_pb_text_inner\">\n<div class=\"et_pb_module et_pb_text et_pb_text_1 et_pb_bg_layout_light et_pb_text_align_left\">\n<div class=\"et_pb_text_inner\">\n<div class=\"et_pb_module et_pb_text et_pb_text_1 et_pb_bg_layout_light et_pb_text_align_left\">\n<div class=\"et_pb_text_inner\">\n<div class=\"et_pb_module et_pb_text et_pb_text_1 et_pb_bg_layout_light  et_pb_text_align_left\">\n<div class=\"et_pb_text_inner\">\n<p><strong>Baujahr : <\/strong>1963<strong><br \/>\n<\/strong><strong>Motor : <\/strong>2-Zylinder-Boxer, 602 cm3<strong><br \/>\n<\/strong><strong>Leistung : <\/strong>25.5 PS<strong><br \/>\n<\/strong><strong>Getriebe : <\/strong>4-Gang-Handschaltung<strong><br \/>\n<\/strong><strong>H\u00f6chstgeschwindigkeit : <\/strong>113 km\/h<strong><br \/>\n<\/strong><strong>Beschleunigung 0-100km\/h : <\/strong>32.5 sek<strong><br \/>\n<\/strong><strong>Sitzpl\u00e4tze : <\/strong>4\/5<strong><br \/>\n<\/strong><strong>Sicherheitsgurte : <\/strong>nein<\/p>\n<p><strong>Kategorie : \u2605<\/strong><\/p>\n<\/div>\n<\/div>\n<\/div>\n<\/div>\n<\/div>\n<\/div>\n<\/div>\n<\/div>\n<\/div>\n<\/div>\n","protected":false},"featured_media":1066,"comment_status":"closed","ping_status":"closed","template":"","meta":{"_et_pb_use_builder":"on","_et_pb_old_content":"<div class=\"et_pb_tab_content\">\r\n<div class=\"et_pb_column et_pb_column_4_4 et_pb_column_3 et_pb_css_mix_blend_mode_passthrough et-last-child\">\r\n<div class=\"et_pb_module et_pb_text et_pb_text_3 et_pb_bg_layout_light et_pb_text_align_left\">\r\n<div class=\"et_pb_text_inner\">\r\n\r\nEin unschlagbarer Entwurf. Flaminio Bertoni, der Designer, bezeichnete das Modell als seine beste Arbeit, was einiges hei\u00dfen will, wenn man bedenkt, das Bertoni auch f\u00fcr die Gestaltung von Citro\u00ebn DS und Traction Avant verantwortlich war. Wer in diesem ungew\u00f6hnlichen Wagen durch St\u00e4dte und \u00fcber Landstra\u00dfen steuert, bleibt nicht unbemerkt. Das Modell baute auf der Technologie des 2CV auf, war aber f\u00fcr ein etwas gehobeneres Marktsegment gedacht. Der Motor ist daher leistungsf\u00e4higer und einige Elemente, die das Fahren bequemer machen, wurden aus dem DS \u00fcbernommen. Der Ami tr\u00e4gt seinen Namen zu Recht. Wie ein guter Freund hilft er dem Fahrer dabei, nach einem anstrengenden Tag zu entspannen. W\u00e4hrend man ihn f\u00e4hrt, kommt man unweigerlich ins Sinnieren, ob die technischen Spielereien der heutigen Autos tats\u00e4chlich so notwendig sind: Denn der Ami hat alles, was ein Auto wirklich braucht. Nach aufw\u00e4ndiger Restaurierung entspricht unser Modell wieder exakt dem technischen Standard des Originals, eingeschlossen der originalen, h\u00fcbschen \u00bbBleu Arizona\u00ab Lackfarbe.\r\n\r\n<\/div>\r\n<\/div>\r\n<\/div>\r\n<\/div>","_et_gb_content_width":"","_mi_skip_tracking":false},"product_cat":[186],"product_tag":[],"booking_location":"","booking_location_type":"","booking_duration":1,"booking_duration_unit":"day","booking_buffer":0,"booking_cost":0,"booking_resources":[],"yoast_head":"<!-- This site is optimized with the Yoast SEO plugin v21.8.1 - https:\/\/yoast.com\/wordpress\/plugins\/seo\/ -->\n<title>Citroen Ami 6 - Geneva Classic Car Club<\/title>\n<meta name=\"robots\" content=\"index, follow, max-snippet:-1, max-image-preview:large, max-video-preview:-1\" \/>\n<link rel=\"canonical\" href=\"https:\/\/genevaclassiccarclub.ch\/de\/produit\/citroen-ami-6\/\" \/>\n<meta property=\"og:locale\" content=\"de_DE\" \/>\n<meta property=\"og:type\" content=\"article\" \/>\n<meta property=\"og:title\" content=\"Citroen Ami 6 - Geneva Classic Car Club\" \/>\n<meta property=\"og:description\" content=\"Baujahr : 1963 Motor : 2-Zylinder-Boxer, 602 cm3 Leistung : 25.5 PS Getriebe : 4-Gang-Handschaltung H\u00f6chstgeschwindigkeit : 113 km\/h Beschleunigung 0-100km\/h : 32.5 sek Sitzpl\u00e4tze : 4\/5 Sicherheitsgurte : nein  Kategorie : \u2605\" \/>\n<meta property=\"og:url\" content=\"https:\/\/genevaclassiccarclub.ch\/de\/produit\/citroen-ami-6\/\" \/>\n<meta property=\"og:site_name\" content=\"Geneva Classic Car Club\" \/>\n<meta property=\"article:modified_time\" content=\"2020-01-28T19:50:45+00:00\" \/>\n<meta property=\"og:image\" content=\"https:\/\/genevaclassiccarclub.ch\/wp-content\/uploads\/2017\/07\/1_citroen_ami6.jpeg\" \/>\n\t<meta property=\"og:image:width\" content=\"640\" \/>\n\t<meta property=\"og:image:height\" content=\"360\" \/>\n\t<meta property=\"og:image:type\" content=\"image\/jpeg\" \/>\n<meta name=\"twitter:card\" content=\"summary_large_image\" \/>\n<meta name=\"twitter:label1\" content=\"Gesch\u00e4tzte Lesezeit\" \/>\n\t<meta name=\"twitter:data1\" content=\"7\u00a0Minuten\" \/>\n<script type=\"application\/ld+json\" class=\"yoast-schema-graph\">{\"@context\":\"https:\/\/schema.org\",\"@graph\":[{\"@type\":\"WebPage\",\"@id\":\"https:\/\/genevaclassiccarclub.ch\/de\/produit\/citroen-ami-6\/\",\"url\":\"https:\/\/genevaclassiccarclub.ch\/de\/produit\/citroen-ami-6\/\",\"name\":\"Citroen Ami 6 - Geneva Classic Car Club\",\"isPartOf\":{\"@id\":\"https:\/\/genevaclassiccarclub.ch\/de\/#website\"},\"datePublished\":\"2019-12-10T16:16:13+00:00\",\"dateModified\":\"2020-01-28T19:50:45+00:00\",\"breadcrumb\":{\"@id\":\"https:\/\/genevaclassiccarclub.ch\/de\/produit\/citroen-ami-6\/#breadcrumb\"},\"inLanguage\":\"de\",\"potentialAction\":[{\"@type\":\"ReadAction\",\"target\":[\"https:\/\/genevaclassiccarclub.ch\/de\/produit\/citroen-ami-6\/\"]}]},{\"@type\":\"BreadcrumbList\",\"@id\":\"https:\/\/genevaclassiccarclub.ch\/de\/produit\/citroen-ami-6\/#breadcrumb\",\"itemListElement\":[{\"@type\":\"ListItem\",\"position\":1,\"name\":\"Accueil\",\"item\":\"https:\/\/genevaclassiccarclub.ch\/de\/\"},{\"@type\":\"ListItem\",\"position\":2,\"name\":\"Boutique\",\"item\":\"https:\/\/genevaclassiccarclub.ch\/boutique\/\"},{\"@type\":\"ListItem\",\"position\":3,\"name\":\"Citroen Ami 6\"}]},{\"@type\":\"WebSite\",\"@id\":\"https:\/\/genevaclassiccarclub.ch\/de\/#website\",\"url\":\"https:\/\/genevaclassiccarclub.ch\/de\/\",\"name\":\"Geneva Classic Car Club\",\"description\":\"Dive into the world of classic cars\",\"potentialAction\":[{\"@type\":\"SearchAction\",\"target\":{\"@type\":\"EntryPoint\",\"urlTemplate\":\"https:\/\/genevaclassiccarclub.ch\/de\/?s={search_term_string}\"},\"query-input\":\"required name=search_term_string\"}],\"inLanguage\":\"de\"}]}<\/script>\n<!-- \/ Yoast SEO plugin. -->","yoast_head_json":{"title":"Citroen Ami 6 - Geneva Classic Car Club","robots":{"index":"index","follow":"follow","max-snippet":"max-snippet:-1","max-image-preview":"max-image-preview:large","max-video-preview":"max-video-preview:-1"},"canonical":"https:\/\/genevaclassiccarclub.ch\/de\/produit\/citroen-ami-6\/","og_locale":"de_DE","og_type":"article","og_title":"Citroen Ami 6 - Geneva Classic Car Club","og_description":"Baujahr : 1963 Motor : 2-Zylinder-Boxer, 602 cm3 Leistung : 25.5 PS Getriebe : 4-Gang-Handschaltung H\u00f6chstgeschwindigkeit : 113 km\/h Beschleunigung 0-100km\/h : 32.5 sek Sitzpl\u00e4tze : 4\/5 Sicherheitsgurte : nein  Kategorie : \u2605","og_url":"https:\/\/genevaclassiccarclub.ch\/de\/produit\/citroen-ami-6\/","og_site_name":"Geneva Classic Car Club","article_modified_time":"2020-01-28T19:50:45+00:00","og_image":[{"width":640,"height":360,"url":"https:\/\/genevaclassiccarclub.ch\/wp-content\/uploads\/2017\/07\/1_citroen_ami6.jpeg","type":"image\/jpeg"}],"twitter_card":"summary_large_image","twitter_misc":{"Gesch\u00e4tzte Lesezeit":"7\u00a0Minuten"},"schema":{"@context":"https:\/\/schema.org","@graph":[{"@type":"WebPage","@id":"https:\/\/genevaclassiccarclub.ch\/de\/produit\/citroen-ami-6\/","url":"https:\/\/genevaclassiccarclub.ch\/de\/produit\/citroen-ami-6\/","name":"Citroen Ami 6 - Geneva Classic Car Club","isPartOf":{"@id":"https:\/\/genevaclassiccarclub.ch\/de\/#website"},"datePublished":"2019-12-10T16:16:13+00:00","dateModified":"2020-01-28T19:50:45+00:00","breadcrumb":{"@id":"https:\/\/genevaclassiccarclub.ch\/de\/produit\/citroen-ami-6\/#breadcrumb"},"inLanguage":"de","potentialAction":[{"@type":"ReadAction","target":["https:\/\/genevaclassiccarclub.ch\/de\/produit\/citroen-ami-6\/"]}]},{"@type":"BreadcrumbList","@id":"https:\/\/genevaclassiccarclub.ch\/de\/produit\/citroen-ami-6\/#breadcrumb","itemListElement":[{"@type":"ListItem","position":1,"name":"Accueil","item":"https:\/\/genevaclassiccarclub.ch\/de\/"},{"@type":"ListItem","position":2,"name":"Boutique","item":"https:\/\/genevaclassiccarclub.ch\/boutique\/"},{"@type":"ListItem","position":3,"name":"Citroen Ami 6"}]},{"@type":"WebSite","@id":"https:\/\/genevaclassiccarclub.ch\/de\/#website","url":"https:\/\/genevaclassiccarclub.ch\/de\/","name":"Geneva Classic Car Club","description":"Dive into the world of classic cars","potentialAction":[{"@type":"SearchAction","target":{"@type":"EntryPoint","urlTemplate":"https:\/\/genevaclassiccarclub.ch\/de\/?s={search_term_string}"},"query-input":"required name=search_term_string"}],"inLanguage":"de"}]}},"jetpack_sharing_enabled":true,"_links":{"self":[{"href":"https:\/\/genevaclassiccarclub.ch\/de\/wp-json\/wp\/v2\/product\/21338"}],"collection":[{"href":"https:\/\/genevaclassiccarclub.ch\/de\/wp-json\/wp\/v2\/product"}],"about":[{"href":"https:\/\/genevaclassiccarclub.ch\/de\/wp-json\/wp\/v2\/types\/product"}],"replies":[{"embeddable":true,"href":"https:\/\/genevaclassiccarclub.ch\/de\/wp-json\/wp\/v2\/comments?post=21338"}],"wp:featuredmedia":[{"embeddable":true,"href":"https:\/\/genevaclassiccarclub.ch\/de\/wp-json\/wp\/v2\/media\/1066"}],"wp:attachment":[{"href":"https:\/\/genevaclassiccarclub.ch\/de\/wp-json\/wp\/v2\/media?parent=21338"}],"wp:term":[{"taxonomy":"product_cat","embeddable":true,"href":"https:\/\/genevaclassiccarclub.ch\/de\/wp-json\/wp\/v2\/product_cat?post=21338"},{"taxonomy":"product_tag","embeddable":true,"href":"https:\/\/genevaclassiccarclub.ch\/de\/wp-json\/wp\/v2\/product_tag?post=21338"}],"curies":[{"name":"wp","href":"https:\/\/api.w.org\/{rel}","templated":true}]}}