{"id":21151,"date":"2020-01-13T18:59:28","date_gmt":"2020-01-13T17:59:28","guid":{"rendered":"https:\/\/genevaclassiccarclub.ch\/legal-notice\/"},"modified":"2020-01-15T15:34:50","modified_gmt":"2020-01-15T14:34:50","slug":"legal-notice","status":"publish","type":"page","link":"https:\/\/genevaclassiccarclub.ch\/fr\/legal-notice\/","title":{"rendered":"Legal Notice"},"content":{"rendered":"<p>[et_pb_section fb_built=\u00a0\u00bb1&Prime; fullwidth=\u00a0\u00bbon\u00a0\u00bb _builder_version=\u00a0\u00bb4.1&Prime; min_height=\u00a0\u00bb80px\u00a0\u00bb height=\u00a0\u00bb80px\u00a0\u00bb max_height=\u00a0\u00bb80px\u00a0\u00bb saved_tabs=\u00a0\u00bball\u00a0\u00bb global_module=\u00a0\u00bb21585&Prime;][et_pb_fullwidth_menu fullwidth_menu=\u00a0\u00bbon\u00a0\u00bb active_link_color=\u00a0\u00bb#700707&Prime; dropdown_menu_line_color=\u00a0\u00bb#e5e5e5&Prime; dropdown_menu_text_color=\u00a0\u00bb#000000&Prime; dropdown_menu_active_link_color=\u00a0\u00bb#720d0d\u00a0\u00bb mobile_menu_bg_color=\u00a0\u00bb#ffffff\u00a0\u00bb mobile_menu_text_color=\u00a0\u00bb#000000&Prime; logo=\u00a0\u00bbhttps:\/\/genevaclassiccarclub.ch\/wp-content\/uploads\/2019\/12\/gccc_logo_resize.png\u00a0\u00bb logo_url=\u00a0\u00bb@ET-DC@eyJkeW5hbWljIjp0cnVlLCJjb250ZW50IjoiaG9tZV91cmwiLCJzZXR0aW5ncyI6e319@\u00a0\u00bb logo_max_height=\u00a0\u00bb45px\u00a0\u00bb show_cart_icon=\u00a0\u00bbon\u00a0\u00bb _builder_version=\u00a0\u00bb4.1&Prime; _dynamic_attributes=\u00a0\u00bblogo_url\u00a0\u00bb menu_font=\u00a0\u00bbGeorgia||||||||\u00a0\u00bb menu_text_color=\u00a0\u00bb#000000&Prime; menu_font_size=\u00a0\u00bb17px\u00a0\u00bb use_background_color_gradient=\u00a0\u00bbon\u00a0\u00bb background_color_gradient_start=\u00a0\u00bb#ffffff\u00a0\u00bb background_color_gradient_end=\u00a0\u00bb#ededed\u00a0\u00bb background_color_gradient_direction=\u00a0\u00bb90deg\u00a0\u00bb background_color_gradient_overlays_image=\u00a0\u00bbon\u00a0\u00bb text_orientation=\u00a0\u00bbright\u00a0\u00bb width=\u00a0\u00bb100%\u00a0\u00bb max_width=\u00a0\u00bb100%\u00a0\u00bb min_height=\u00a0\u00bb100px\u00a0\u00bb height=\u00a0\u00bb100px\u00a0\u00bb max_height=\u00a0\u00bb100%\u00a0\u00bb border_width_bottom=\u00a0\u00bb1px\u00a0\u00bb border_color_bottom=\u00a0\u00bb#bababa\u00a0\u00bb][\/et_pb_fullwidth_menu][\/et_pb_section][et_pb_section fb_built=\u00a0\u00bb1&Prime; fullwidth=\u00a0\u00bbon\u00a0\u00bb admin_label=\u00a0\u00bbDivider\u00a0\u00bb _builder_version=\u00a0\u00bb4.0.6&Prime; use_background_color_gradient=\u00a0\u00bbon\u00a0\u00bb background_color_gradient_start=\u00a0\u00bb#000202&Prime; background_color_gradient_end=\u00a0\u00bb#ba0000&Prime; background_color_gradient_direction=\u00a0\u00bb90deg\u00a0\u00bb height=\u00a0\u00bb5px\u00a0\u00bb saved_tabs=\u00a0\u00bball\u00a0\u00bb][\/et_pb_section][et_pb_section fb_built=\u00a0\u00bb1&Prime; _builder_version=\u00a0\u00bb4.0.6&Prime;][et_pb_row _builder_version=\u00a0\u00bb3.25&Prime; background_size=\u00a0\u00bbinitial\u00a0\u00bb background_position=\u00a0\u00bbtop_left\u00a0\u00bb background_repeat=\u00a0\u00bbrepeat\u00a0\u00bb][et_pb_column type=\u00a0\u00bb4_4&Prime; _builder_version=\u00a0\u00bb3.25&Prime; custom_padding=\u00a0\u00bb|||\u00a0\u00bb custom_padding__hover=\u00a0\u00bb|||\u00a0\u00bb][et_pb_blurb title=\u00a0\u00bbMentions L\u00e9gales\u00a0\u00bb use_icon=\u00a0\u00bbon\u00a0\u00bb font_icon=\u00a0\u00bb%%168%%\u00a0\u00bb use_icon_font_size=\u00a0\u00bbon\u00a0\u00bb icon_font_size=\u00a0\u00bb65px\u00a0\u00bb _builder_version=\u00a0\u00bb4.0.6&Prime; header_level=\u00a0\u00bbh3&Prime; header_text_align=\u00a0\u00bbcenter\u00a0\u00bb text_orientation=\u00a0\u00bbcenter\u00a0\u00bb][\/et_pb_blurb][et_pb_text _builder_version=\u00a0\u00bb3.27.4&Prime; border_style=\u00a0\u00bbsolid\u00a0\u00bb]<\/p>\n<p><b>Conditions G\u00e9n\u00e9rales<\/b><\/p>\n<p><b>1 Conclusion d\u2019un contrat<\/b><\/p>\n<p><span style=\"font-weight: 400;\">Le contrat entre le client et le Geneva Classic Car Club (Partie de la Reinhardus Business Solutions Sarl) est \u00e9tabli dans les cas suivantes :<\/span><\/p>\n<ul>\n<li style=\"font-weight: 400;\"><span style=\"font-weight: 400;\">A L\u2019acceptation sans r\u00e9serve de la demande d\u2019adh\u00e9sion par Geneva Classic Car Club. Applications se font et sont aussi confirm\u00e9es online via Internet\/ Email. La r\u00e9ception de la confirmation de l\u2019application montre au client que son application a \u00e9t\u00e9 re\u00e7ue et accept\u00e9e par le Geneva Classic Car Club et par cons\u00e9quent, le contrat a \u00e9t\u00e9 \u00e9tablie.<\/span><\/li>\n<li style=\"font-weight: 400;\"><span style=\"font-weight: 400;\">\u00c0 la r\u00e9ception de la confirmation de la r\u00e9servation, au cas o\u00f9 le client ne veut pas appliquer pour une adh\u00e9sion au club.\u00a0<\/span><\/li>\n<\/ul>\n<p><span style=\"font-weight: 400;\">Geneva Classic Car Club se garde le droit de r\u00e9silier le contrat pour motifs graves.<\/span><\/p>\n<p><strong>2 Adh\u00e9sion \/ Cr\u00e9dit de location<\/strong><\/p>\n<p><strong>2.1 Cotisation annuelle\u00a0<\/strong><\/p>\n<p><span style=\"font-weight: 400;\">L\u2019adh\u00e9sion au Geneva Classic Car Club est soumise au paiement de la cotisation annuelle, le montant d\u00e9pendent du niveau d\u2019adh\u00e9sion choisi. Le montant inclut la cotisation annuelle et le cr\u00e9dit de location. Si le cr\u00e9dit de location d\u2019une ann\u00e9e n\u2019est pas compl\u00e8tement utilis\u00e9 pendant cette ann\u00e9e, le cr\u00e9dit restant est transf\u00e9r\u00e9 \u00e0 l\u2019ann\u00e9e suivante d\u2019adh\u00e9sion (Adh\u00e9sion Gold et Platinum). Ce cr\u00e9dit de location restant sera liquid\u00e9 \u00e0 la fin de cette ann\u00e9e.\u00a0<\/span><\/p>\n<p><strong>2.2 Documents \u00e0 soumettre annuellement\u00a0:<\/strong><\/p>\n<ul>\n<li style=\"font-weight: 400;\"><span style=\"font-weight: 400;\">Copie du permis de conduire (photo ou scan).<\/span><\/li>\n<\/ul>\n<p><span style=\"font-weight: 400;\">L\u2019utilisateur du v\u00e9hicule notifiera le loueur s\u2019il a re\u00e7u une interdiction m\u00e9dicale de conduire, ou si son permis de conduire a \u00e9t\u00e9 retir\u00e9 ou si d\u2019autres circonstances se sont \u00e9tablis qui ne lui permettent plus de conduire un v\u00e9hicule l\u00e9galement.\u00a0<\/span><\/p>\n<p><span style=\"font-weight: 400;\">Si une circonstance se produit qui interdit le locataire de conduire le v\u00e9hicule de fa\u00e7on l\u00e9gale, e v\u00e9hicule est \u00e0 arr\u00eater imm\u00e9diatement (ou le voyage n\u2019est pas \u00e0 commercer).<\/span><\/p>\n<p><span style=\"font-weight: 400;\"><\/span><span style=\"font-weight: 400;\">Non-Membres peuvent aussi louer des v\u00e9hicules. Les prix et provisions pour la location par non-membres s\u2019appliquent.\u00a0\u00a0<\/span><\/p>\n<p><strong>3 R\u00e9siliation de l\u2019adh\u00e9sion\u00a0<\/strong><\/p>\n<p><span style=\"font-weight: 400;\">L\u2019adh\u00e9sion se termine automatiquement apr\u00e8s une ann\u00e9e, mais le membre peut encore utiliser son profil online pour entrer au site web. Le cr\u00e9dit de location restant sera liquid\u00e9 \u00e0 la fin de l\u2019ann\u00e9e suivante.\u00a0<\/span><\/p>\n<p><span style=\"font-weight: 400;\">Geneva Classic Car Club se r\u00e9serve le droit de r\u00e9silier l\u2019adh\u00e9sion avec effet imm\u00e9diat dans le cas de violation importante de ses r\u00e8gles. Le cas \u00e9ch\u00e9ant, la cotisation et le cr\u00e9dit de location restant seront rembours\u00e9s pro rata en fonction des mois \u00e9coul\u00e9s, en utilisant le mois suivant la r\u00e9siliation comme base, moins les frais d\u2019administration de CHF 300.\u00a0<\/span><\/p>\n<p><strong>4 R\u00e9servation\/ caution de garantie<\/strong><\/p>\n<p><strong>4.1 Locataires (Membres et Non-Membres)<\/strong><\/p>\n<ul>\n<li style=\"font-weight: 400;\"><span style=\"font-weight: 400;\">Le locataire doit imp\u00e9rativement r\u00e9server le v\u00e9hicule d\u00e9sir\u00e9 avant le d\u00e9but du voyage en utilisant le syst\u00e8me de r\u00e9servation du Geneva Classic Car Club (<\/span><a href=\"http:\/\/www.genevaclassiccarclub.ch\"><span style=\"font-weight: 400;\">www.genevaclassiccarclub.ch<\/span><\/a><span style=\"font-weight: 400;\">).<\/span><\/li>\n<li style=\"font-weight: 400;\"><span style=\"font-weight: 400;\">Le locataire doit assurer que le Geneva Classic Car Club a les copies des permis de conduire valides de tous les conducteurs avant le d\u00e9but du voyage \u2013 autrement, il n\u2019y a pas de couverture d\u2019assurance.\u00a0<\/span><\/li>\n<li style=\"font-weight: 400;\"><span style=\"font-weight: 400;\">De m\u00eame si vous donnez des fausses informations concernant votre identit\u00e9 ou la validit\u00e9 des permis de conduire<\/span><\/li>\n<\/ul>\n<ul>\n<li style=\"font-weight: 400;\"><span style=\"font-weight: 400;\">Les frais de location pour la p\u00e9riode de location souhait\u00e9e et les options choisis sont automatiquement d\u00e9bit\u00e9s de la carte de cr\u00e9dit du client. Si le cr\u00e9dit disponible est insuffisant, la r\u00e9servation ne sera pas confirm\u00e9e.\u00a0<\/span><\/li>\n<li style=\"font-weight: 400;\"><span style=\"font-weight: 400;\">La caution de garantie est de CHF 2,500. Ce montant est bloqu\u00e9 sur la carte de cr\u00e9dit. Si le cr\u00e9dit disponible est insuffisant, la r\u00e9servation ne sera pas confirm\u00e9e.\u00a0<\/span><\/li>\n<\/ul>\n<p><strong>4.2 Annulation \/ Raccourcissements de la p\u00e9riode de location\u00a0<\/strong><\/p>\n<p><span style=\"font-weight: 400;\">Annulations peuvent \u00eatre faites sans frais jusqu\u2019\u00e0 48 heures avant le d\u00e9but de la location. Si l\u2019annulation s\u2019est faite \u00e0 moins de 48 heures avant le d\u00e9but de la location, 100% du loyer sera charg\u00e9. Dans le cas de d\u00e9sistement au voyage sans r\u00e9servation annul\u00e9e au moins 48 heures avant, le loyer complet sera charg\u00e9.<\/span><\/p>\n<p><span style=\"font-weight: 400;\">Changements \u00e0 la location (dans la mesure du possible) sont gratuites s\u2019ils ont \u00e9t\u00e9 faits au moins 48 heures avant le d\u00e9but de la p\u00e9riode de location, pourvu que la valeur totale n\u2019est pas plus basse que le montant de la r\u00e9servation originale.<\/span><\/p>\n<p><span style=\"font-weight: 400;\">Il est obligatoire de nous informer sur l\u2019annulation ou les changements de la r\u00e9servation par Email \u00e9crit \u00e0 l\u2019adresse\u00a0<\/span><a href=\"mailto:info@genevaclassiccarclub.ch\"><span style=\"font-weight: 400;\">info@genevaclassiccarclub.ch<\/span><\/a><span style=\"font-weight: 400;\">. Nous traitons votre demande dans les 24 heures. R\u00e9ductions du montant de la location \u2013 par exemple par un changement vers une voiture moins ch\u00e8re ou r\u00e9ductions de la p\u00e9riode de location\u2013 seront trait\u00e9 comme une annulation.<\/span><\/p>\n<p><strong>5 Prise en charge du v\u00e9hicule<\/strong><\/p>\n<p><span style=\"font-weight: 400;\">Le locataire prend le v\u00e9hicule (y compris tous ses accessoires et \u00e9quipements) en charge avec un plein d\u2019essence, dans un \u00e9tat propre et en bon \u00e9tat de marche.<\/span><\/p>\n<ul>\n<li style=\"font-weight: 400;\"><span style=\"font-weight: 400;\">Le locataire est responsable du v\u00e9hicule du moment de la prise en charge jusqu\u2019au moment de la restitution. Les v\u00e9hicules doivent \u00eatre restitu\u00e9es \u00e0 l\u2019endroit de la prise en main. Sauf instruction diff\u00e9rente \u00e9crit par le Geneva Classic Car Club, les v\u00e9hicules ne peuvent pas \u00eatre laiss\u00e9es \u00e0 un endroit diff\u00e9rent de l\u2019endroit d\u2019origine de la prise en main (par exemple en cas de panne, chantier etc.).<\/span><\/li>\n<li style=\"font-weight: 400;\"><span style=\"font-weight: 400;\">La prise en charge et la restitution se fait typiquement \u00e0 nos locaux. Nous pouvons arranger un \u00e9change chez vous moyennant un co\u00fbt suppl\u00e9mentaire. La prise en charge du v\u00e9hicule pour l\u2019utilisation pendant la journ\u00e9e commence \u00e0 9h le matin, la restitution du v\u00e9hicule doit se faire avant 7h de la journ\u00e9e suivante.\u00a0<\/span><\/li>\n<li style=\"font-weight: 400;\"><span style=\"font-weight: 400;\">Le locataire confirme que tous les d\u00e9g\u00e2ts pr\u00e9existants ont \u00e9t\u00e9 relev\u00e9s et not\u00e9s lors de l\u2019inspection.<\/span><\/li>\n<li style=\"font-weight: 400;\"><span style=\"font-weight: 400;\">D\u00e9fauts visibles (par exemple dommages \u00e0 la peinture) doivent \u00eatre signal\u00e9 par Email avec photo \u00e0\u00a0<\/span><a href=\"mailto:info@genevaclassiccarclub.ch\"><span style=\"font-weight: 400;\">info@genevaclassiccarclub.ch<\/span><\/a><span style=\"font-weight: 400;\">\u00a0avant que le locataire parte avec le v\u00e9hicule.<\/span><\/li>\n<\/ul>\n<p><strong>6 Restitution du v\u00e9hicule<\/strong><\/p>\n<ul>\n<li style=\"font-weight: 400;\"><span style=\"font-weight: 400;\">Le v\u00e9hicule est \u00e0 restituer \u00e0 l\u2019heure d\u00e9crit dans la confirmation de la r\u00e9servation, en bon \u00e9tat de marche et avec le plein d\u2019essence.<\/span><\/li>\n<\/ul>\n<ul>\n<li style=\"font-weight: 400;\"><span style=\"font-weight: 400;\">Si le Geneva Classic Car Club doit faire le plein du r\u00e9servoir d\u2019essence, un forfait de participation aux frais \u00e0 la hauteur de CHF 70 est factur\u00e9, en sus des co\u00fbts de l\u2019essence.\u00a0<\/span><\/li>\n<\/ul>\n<ul>\n<li style=\"font-weight: 400;\"><span style=\"font-weight: 400;\">Les objets personnelles et d\u00e9chets sont \u00e0 enlever du v\u00e9hicule.\u00a0<\/span><\/li>\n<li style=\"font-weight: 400;\"><span style=\"font-weight: 400;\">En cas d\u2019un retard de la restitution du v\u00e9hicule, une journ\u00e9e de location suppl\u00e9mentaire pour tout p\u00e9riode de 24 heures d\u00e9but\u00e9 sera charg\u00e9. Le locataire doit aussi indemniser le loueur pour toute perte produite.<\/span><\/li>\n<li style=\"font-weight: 400;\"><span style=\"font-weight: 400;\">V\u00e9hicules peuvent \u00eatre restitu\u00e9s \u00e0 tout moment de la journ\u00e9e. Les fruits et risques sont transf\u00e9r\u00e9s au loueur au d\u00e9but de la p\u00e9riode normale d\u2019affaires suivante.<\/span><\/li>\n<\/ul>\n<ul>\n<li style=\"font-weight: 400;\"><span style=\"font-weight: 400;\">Le v\u00e9hicule est \u00e0 fermer correctement. S\u2019il s\u2019agit d\u2019un cabriolet, le toit est \u00e0 fermer. Les cl\u00e9s sont \u00e0 mettre dans la bo\u00eete \u00e0 cl\u00e9s en utilisant le code mentionn\u00e9 dans la confirmation de la r\u00e9servation.\u00a0<\/span><\/li>\n<li style=\"font-weight: 400;\"><span style=\"font-weight: 400;\">Tout d\u00e9g\u00e2t nouveau doit \u00eatre signal\u00e9 par Email \u00e0 <\/span><a href=\"http:\/\/info@genevaclassiccarclub.ch.\"><span style=\"font-weight: 400;\">info@genevaclassiccarclub.ch.<\/span><\/a><span style=\"font-weight: 400;\"> Tout co\u00fbt induit par un d\u00e9g\u00e2t non signal\u00e9 sera charg\u00e9 au locataire le plus r\u00e9cent.\u00a0<\/span><\/li>\n<\/ul>\n<p><strong>7 Prolongation de la location\u00a0<\/strong><\/p>\n<ul>\n<li style=\"font-weight: 400;\"><span style=\"font-weight: 400;\">Une prolongation de la location est seulement possible apr\u00e8s accord en \u00e9crit du Geneva Classic Car Club avant la fin de la location en cours.\u00a0<\/span><\/li>\n<\/ul>\n<ul>\n<li style=\"font-weight: 400;\"><span style=\"font-weight: 400;\">Geneva Classic Car Club peut refuser une prolongation, sans d\u00e9crire les raisons.\u00a0<\/span><\/li>\n<\/ul>\n<ul>\n<li style=\"font-weight: 400;\"><span style=\"font-weight: 400;\">A la demande du Geneva Classic Car Club, le locataire doit pr\u00e9senter le v\u00e9hicule aux locaux de location\u00a0<\/span><\/li>\n<li style=\"font-weight: 400;\"><span style=\"font-weight: 400;\">Si la prolongation de la location a \u00e9t\u00e9 accord\u00e9e, toutes les conditions de la location d\u2019origine continuent de s\u2019appliquer \u00e9galement, sauf si un accord diff\u00e9rent a \u00e9t\u00e9 \u00e9tabli en \u00e9crit.<\/span><\/li>\n<\/ul>\n<p><strong>8 Age Minimal \/ Permis de conduire<\/strong><\/p>\n<ul>\n<li style=\"font-weight: 400;\"><span style=\"font-weight: 400;\">L\u2019\u00e2ge minimal pour la location et la conduite d\u2019un v\u00e9hicule du Geneva Classic Car Club est 28 ans. Les conducteurs doivent avoir eu leurs permis de conduire (Permis de conduire Suisse cat\u00e9gorie B ou reconnu internationalement comme identique) pendant au moins 5 ans.\u00a0<\/span><\/li>\n<\/ul>\n<ul>\n<li style=\"font-weight: 400;\"><span style=\"font-weight: 400;\">Membres du Geneva Classic Car Club sont questionn\u00e9 annuellement sur leur permis de conduire cat\u00e9gorie B et l\u2019information obtenue est sauvegard\u00e9e.\u00a0<\/span><\/li>\n<li style=\"font-weight: 400;\"><span style=\"font-weight: 400;\">Si le permis de conduire d\u2019un membre est retir\u00e9, le membre est tenu \u00e0 le notifier imm\u00e9diatement au Geneva Classic Car Club. Ce retrait ne donne aucun droit \u00e0 une r\u00e9siliation extraordinaire de l\u2019adh\u00e9sion.\u00a0<\/span><\/li>\n<\/ul>\n<p><strong>9 Conducteurs autoris\u00e9s\u00a0<\/strong><\/p>\n<p><span style=\"font-weight: 400;\">Le v\u00e9hicule ne peut \u00eatre conduit par le locataire (premier conducteur, la personne faisant la r\u00e9servation, au suivant appel\u00e9 \u201cle locataire\u201d) et, en cas d\u2019une adh\u00e9sion Platinum, le partenaire nomm\u00e9. Autres conducteurs peuvent \u00eatre inscrits au moment de la r\u00e9servation ou aux locaux au moment de la prise en main contre un frais suppl\u00e9mentaire.\u00a0<\/span><\/p>\n<p><span style=\"font-weight: 400;\">Le locataire est oblig\u00e9\u00a0:<\/span><span style=\"font-weight: 400;\"><br \/><\/span><span style=\"font-weight: 400;\">a) d\u2019informer tous les autres conducteurs sur les Conditions G\u00e9n\u00e9rales\u00a0<\/span><\/p>\n<ol>\n<li><span style=\"font-weight: 400;\">b) d\u2019instruire les autres conducteurs du v\u00e9hicule<\/span><span style=\"font-weight: 400;\"><br \/><\/span><span style=\"font-weight: 400;\">et est responsable pour ces actions.<\/span><\/li>\n<\/ol>\n<p><span style=\"font-weight: 400;\">Le locataire doit assurer que le Geneva Classic Car Club a les copies des permis de conduire valides de tous les conducteurs avant le d\u00e9but du voyage \u2013 autrement, il n\u2019y a pas de couverture d\u2019assurance.\u00a0<\/span><\/p>\n<p><strong>10 Couverture d\u2019assurance, franchise\u00a0<\/strong><\/p>\n<p><span style=\"font-weight: 400;\">Tous les v\u00e9hicules ont une assurance responsabilit\u00e9 civile et casco compl\u00e8te. La franchise est de CHF 2500. Celle-ci est enti\u00e8rement \u00e0 la charge du locataire. Lors de la r\u00e9servation du v\u00e9hicule, une caution de garantie \u00e9gale \u00e0 la franchise est demand\u00e9e. En cas d\u2019accident ou autre d\u00e9g\u00e2t, ce montant sera encaiss\u00e9 jusqu\u2019au moment de d\u00e9terminer la responsabilit\u00e9 du conducteur.<\/span><\/p>\n<p><strong>11 Frais de Location<\/strong><\/p>\n<p><span style=\"font-weight: 400;\">Les frais de location sont calcul\u00e9s par jour, chaque jour de location correspond \u00e0 une journ\u00e9e calendrier.\u00a0<\/span><\/p>\n<p><span style=\"font-weight: 400;\">En cas d\u2019un retard de la restitution du v\u00e9hicule, une journ\u00e9e de location suppl\u00e9mentaire pour tout p\u00e9riode de 24 heures d\u00e9but\u00e9 sera charg\u00e9e. Les co\u00fbts caus\u00e9s par la perte des locations suivantes ou autres co\u00fbts seront charg\u00e9s au locataire en retard.\u00a0<\/span><\/p>\n<p><span style=\"font-weight: 400;\">Membres profitent d\u2019un loyer r\u00e9duit.<\/span><\/p>\n<p><strong>12 V\u00e9hicule d\u2019\u00e9change<\/strong><\/p>\n<p><span style=\"font-weight: 400;\">Si le v\u00e9hicule r\u00e9serv\u00e9 n\u2019est pas disponible pour le client au d\u00e9but du voyage pour une utilisation en ordre (par exemple suite \u00e0 la restitution en retard, panne, accident etc.), le loyer sera rembours\u00e9. Si souhait\u00e9, un autre v\u00e9hicule peut \u00eatre mis \u00e0 la disposition, dans le cadre des possibilit\u00e9s et en fonction de la disponibilit\u00e9. Si le client d\u00e9cide pour un v\u00e9hicule d\u2019un niveau plus bas, le loyer sera r\u00e9duit en cons\u00e9quence. Aussi, la r\u00e9servation pourrait \u00eatre report\u00e9e sur une autre p\u00e9riode, si souhait\u00e9 et dans le cadre des possibilit\u00e9s et des disponibilit\u00e9s.<\/span><\/p>\n<p><span style=\"font-weight: 400;\">Autres r\u00e9clamations ne sont pas recevables.\u00a0<\/span><\/p>\n<p><strong>13 M\u00e9thode de paiement<\/strong><\/p>\n<p><span style=\"font-weight: 400;\">Nos v\u00e9hicules se r\u00e9servent uniquement par carte de cr\u00e9dit.<\/span><\/p>\n<p><strong>14 Maintenance \/ R\u00e9parations<\/strong><\/p>\n<p><span style=\"font-weight: 400;\">Le locataire doit soigneusement utiliser le v\u00e9hicule lou\u00e9 et doit r\u00e9guli\u00e8rement contr\u00f4ler les niveaux de l\u2019huile, de l\u2019eau et la pression des pneus. Il a \u00e0 observer toutes les r\u00e8glementations du trafic des pays dans lesquels il conduit le v\u00e9hicule. Le locataire doit imm\u00e9diatement signaler au Geneva Classic Car Club tous d\u00e9fauts qu\u2019il n\u2019a pas \u00e0 rem\u00e9dier lui-m\u00eame, et doit suivre les instructions donn\u00e9es au regard de la r\u00e9paration.\u00a0<\/span><\/p>\n<p><span style=\"font-weight: 400;\">Au regard des d\u00e9penses li\u00e9es avec les d\u00e9g\u00e2ts (comme huile moteur, pi\u00e8ces d\u00e9tach\u00e9s, co\u00fbts de r\u00e9paration), il faut avoir l\u2019engagement de couvrir les co\u00fbts par le Geneva Classic Car Club au pr\u00e9alable. D\u00e9penses encourus dans la limite de l\u2019engagement de couverture des co\u00fbts seront rembours\u00e9s au locataire apr\u00e8s la restitution du v\u00e9hicule de location, sous condition de pr\u00e9senter les factures correspondantes. Le locataire ne peut pas entreprendre des r\u00e9parations lui-m\u00eame, sauf accord \u00e9crit avec le Geneva Classic Car Club au pr\u00e9alable.<\/span><\/p>\n<p><strong>15 Obligation de diligence<\/strong><\/p>\n<p><span style=\"font-weight: 400;\">Le locataire a l\u2019obligation de prendre bon soin du v\u00e9hicule. En particulier, les sp\u00e9cifications sp\u00e9ciales du v\u00e9hicule sont \u00e0 observer et \u00e0 respecter. Le locataire ne devra en aucun cas modifier le v\u00e9hicule, ni le traiter d\u2019une mani\u00e8re \u00e0 porter pr\u00e9judice au loueur. Le locataire ne devra en aucun cas c\u00e9der, vendre, hypoth\u00e9quer ou mettre en gage le v\u00e9hicule, son \u00e9quipement ou son outillage.<\/span><\/p>\n<p><span style=\"font-weight: 400;\">L\u2019utilisation d\u2019un lave-auto automatique est strictement d\u00e9fendue pour tous nos v\u00e9hicules. Cette utilisation peut engendrer des d\u00e9g\u00e2ts et pour le syst\u00e8me de lavage et pour le v\u00e9hicule pour lesquels le locataire sera tenu enti\u00e8rement responsable.\u00a0<\/span><\/p>\n<p><strong>16 Conduite en cas de panne, accident ou \u00e9v\u00e9nements sp\u00e9ciaux\u00a0<\/strong><\/p>\n<p><span style=\"font-weight: 400;\">En cas d\u2019un \u00e9v\u00e9nement comme un accident, vol (cambriolage\/vol ou d\u00e9tournement etc.), perte, feu, d\u00e9g\u00e2ts dues au gibier ou autre dommage, le locataire doit imm\u00e9diatement informer la police et assurer d\u2019obtenir un rapport de police \u00e9crit. Ceci s\u2019applique aussi \u00e0 des accidents inflig\u00e9s soi-m\u00eame sans participation des tiers.\u00a0<\/span><\/p>\n<p><span style=\"font-weight: 400;\">R\u00e9clamations de l\u2019opposant ne peuvent en aucun cas \u00eatre accept\u00e9s. En cas de vol, perte ou d\u00e9tournement du v\u00e9hicule, le locataire doit aussi imm\u00e9diatement contacter Geneva Classic Car Club, en plus de la police.\u00a0<\/span><\/p>\n<p><span style=\"font-weight: 400;\">Pour tous ces \u00e9v\u00e9nements mentionn\u00e9s, le locataire doit faire sans d\u00e9lai un rapport \u00e9crit d\u00e9taill\u00e9 incluant un croquis, m\u00eame s\u2019il n\u2019a que des d\u00e9g\u00e2ts mineurs. Dans le cas d\u2019un accident, le rapport doit contenir sp\u00e9cifiquement <\/span><b>les noms et adresses complets des personnes impliqu\u00e9es et des t\u00e9moins et les num\u00e9ros de registration des v\u00e9hicules impliqu\u00e9es<\/b><span style=\"font-weight: 400;\">.\u00a0\u00a0<\/span><\/p>\n<p><span style=\"font-weight: 400;\">Il faut utiliser le formulaire \u00ab\u00a0Constat Europ\u00e9en d\u2019accident \u00ab, qui est dans la pochette de documentation dans le v\u00e9hicule. En cas de vol, les cl\u00e9s du v\u00e9hicule, un rapport avec les d\u00e9tails du vol et le rapport de la police doivent \u00eatre soumis au Geneva Classic Car Club sous 24 heures. Si vous \u00eates dans l\u2019incapacit\u00e9 de restituer les clefs originales du v\u00e9hicule, vous serez tenu au paiement de la valeur du v\u00e9hicule estim\u00e9e par un expert. Le locataire doit donner l\u2019acc\u00e8s total au Geneva Classic Car Club \u00e0 toute la documentation concern\u00e9e.<\/span><\/p>\n<p><span style=\"font-weight: 400;\">Si un t\u00e9moin s\u2019allume (voyant du niveau de l\u2019huile, temp\u00e9rature de l\u2019eau, ou tout autre voyant), arr\u00eatez imm\u00e9diatement le v\u00e9hicule et contactez le Geneva Classic Car Club (T\u00e9l\u00e9phone +41 79 4440015) pour des instructions concernant la marche \u00e0 suivre. Le v\u00e9hicule ne peut plus \u00eatre conduite. Le Geneva Classic Car Club n\u2019est pas responsable pour d\u00e9penses ou pertes li\u00e9s \u00e0 une panne, accident, d\u00e9faut ou d\u00e9g\u00e2t au v\u00e9hicule.\u00a0<\/span><\/p>\n<p><strong>17 Utilisation d\u00e9fendue \/ Restrictions \u00e0 l\u2019admission et sortie :<\/strong><\/p>\n<p><span style=\"font-weight: 400;\">Il est interdit de :<\/span><\/p>\n<ul>\n<li><span style=\"font-weight: 400;\">Participer \u00e0 des \u00e9v\u00e9nements de motorsports, essais de voiture et essais routiers\u00a0<\/span><\/li>\n<li>Utiliser le v\u00e9hicule sur circuit<\/li>\n<li><span style=\"font-weight: 400;\">Utilisation pour entrainement des conducteurs\u00a0<\/span><\/li>\n<li>Conduire des rallyes avec les v\u00e9hicules, avec exception possible pour des rallyes touristiques (permission \u00e9crite du Geneva Classic Car Club au pr\u00e9alable obligatoire)<\/li>\n<li>Utiliser le v\u00e9hicule \u00e0 fins commerciales<\/li>\n<li>Utiliser le v\u00e9hicule afin de transporter des personnes ou des biens pour un paiement<\/li>\n<li><span style=\"font-weight: 400;\">Utiliser le v\u00e9hicule pour location professionnelle\u00a0<\/span><\/li>\n<li><span style=\"font-weight: 400;\">Sous-louer le v\u00e9hicule\u00a0<\/span><\/li>\n<li><span style=\"font-weight: 400;\">Remorquer, tirer ou d\u00e9placer autrement un autre v\u00e9hicule<\/span><\/li>\n<li><span style=\"font-weight: 400;\">Surcharger le v\u00e9hicule : utiliser le v\u00e9hicule avec un nombre de personnes ou avec une charge qui d\u00e9passe la valeur donn\u00e9e dans le document de r\u00e9gistration<\/span><\/li>\n<li><span style=\"font-weight: 400;\">Transporter des biens dangereux\u00a0: des biens inflammables, explosives, toxiques ou dangereux<\/span><\/li>\n<li><span style=\"font-weight: 400;\">Utiliser le v\u00e9hicule pour faire ou passer de la contrebande ou autres actes criminelles, m\u00eame si ces actes ne sont sanctionn\u00e9s que par la loi qui r\u00e8gne \u00e0 l\u2019endroit o\u00f9 l\u2019infraction est commise.<\/span><\/li>\n<li><span style=\"font-weight: 400;\">Utiliser le v\u00e9hicule pour des courses de contr\u00f4le de d\u00e9rapage, des courses de conduite etc. avec l\u2019exception des cours qui sont offerts explicitement par le Geneva Classic Car Club.<\/span><\/li>\n<\/ul>\n<p><span style=\"font-weight: 400;\">Pour des raisons hygi\u00e9niques, les animaux ne sont pas admis dans les v\u00e9hicules du Geneva Classic Car Club. En cas de non-respect de cette r\u00e8gle, le Geneva Classic Car Club fera nettoyer le v\u00e9hicule. Nous vous chargeons CHF 100.- en plus des frais de nettoyage du v\u00e9hicule.<\/span><\/p>\n<p><span style=\"font-weight: 400;\">Toutes nos v\u00e9hicules du Geneva Classic Car Club sont des v\u00e9hicules <\/span><b>non-fumeur ! <\/b><span style=\"font-weight: 400;\">En cas de non-respect une sanction de CHF 200 sera charg\u00e9.<\/span><\/p>\n<p><span style=\"font-weight: 400;\">Exceptions au r\u00e8gles cit\u00e9s au-dessus demandent une autorisation \u00e9crite par le management du Geneva Classic Car Club.<\/span><\/p>\n<p><span style=\"font-weight: 400;\">Vous pouvez utiliser votre v\u00e9hicule dans les pays suivants :<\/span><\/p>\n<ul>\n<li style=\"font-weight: 400;\"><span style=\"font-weight: 400;\">Suisse, Allemagne, Liechtenstein, Autriche, France, Belgique, Pays Bas, Luxemburg<\/span><\/li>\n<li style=\"font-weight: 400;\"><span style=\"font-weight: 400;\">Contactez-nous si vous voulez utiliser votre v\u00e9hicule du Geneva Classic Car Club dans un autre pays. L\u2019utilisation des v\u00e9hicules dans d\u2019autres pays que ceux mentionn\u00e9s ci-dessus est \u00e0 clarifier individuellement avec Geneva Classic Car Club au pr\u00e9alable.<\/span><\/li>\n<li style=\"font-weight: 400;\"><span style=\"font-weight: 400;\">Attention : \u00e0 cause de la l\u00e9gislation italienne, pr\u00e9venez-nous bien en avance si vous voulez aller en Italie \u2013 le passage de la fronti\u00e8re vers l\u2019Italie est \u00e0 clarifier individuellement avec Geneva Classic Car Club au pr\u00e9alable.<\/span><\/li>\n<\/ul>\n<p><strong>18 Responsabilit\u00e9 du locataire<\/strong><\/p>\n<ul>\n<li style=\"font-weight: 400;\"><span style=\"font-weight: 400;\">Le locataire n\u2019est pas responsable pour les d\u00e9fauts qui se produisent durant une utilisation du v\u00e9hicule conforme \u00e0 l\u2019usage pr\u00e9vu.\u00a0<\/span><\/li>\n<\/ul>\n<ul>\n<li style=\"font-weight: 400;\"><span style=\"font-weight: 400;\">Le locataire est responsable pour tout dommage pour le Geneva Classic Car Club caus\u00e9 par lui (particuli\u00e8rement dommage des pneus et bris de vitre) comme r\u00e9sultat d\u2019une action ill\u00e9gale ou en rupture du contrat ou d\u2019un comportement n\u00e9gligent par le locataire ou personnes auxiliaires\u00a0<\/span><\/li>\n<li style=\"font-weight: 400;\"><span style=\"font-weight: 400;\">Par ailleurs, le locataire est particuli\u00e8rement tenu responsable pour tous les d\u00e9fauts ou dommages au v\u00e9hicule lou\u00e9 qui sont \u00e0 la charge du locataire. Sp\u00e9cifiquement (mais pas exclusivement) ceci inclut dommages qui se produisent\u00a0:\u00a0<\/span><\/li>\n<\/ul>\n<ul>\n<ul>\n<li style=\"font-weight: 400;\"><span style=\"font-weight: 400;\">A la suite de l\u2019utilisation d\u2019une mauvaise essence, non-observation de la hauteur maximale \u00e0 l\u2019entr\u00e9e d\u2019un parking, passage souterrain ou similaire.<\/span><\/li>\n<li style=\"font-weight: 400;\"><span style=\"font-weight: 400;\">Li\u00e9 \u00e0 un traitement n\u00e9gligent de l\u2019int\u00e9rieur du v\u00e9hicule (en particulier traces de br\u00fblures caus\u00e9s par des cigarettes, d\u00e9chirures et marques sur la garniture et les tapis).<\/span><\/li>\n<li style=\"font-weight: 400;\"><span style=\"font-weight: 400;\">Du fait d\u2019une conduite off-road et en g\u00e9n\u00e9ral d\u2019un traitement n\u00e9gligent du v\u00e9hicule (en particulier dommage au soubassement du v\u00e9hicule comme dommage \u00e0 la direction, bo\u00eete de vitesses, suspension, aux ressorts et dommage aux pi\u00e8ces des axes, longerons, carter, c\u00e2bles, \u00e9chappement, t\u00f4les d\u00e9flectrices et habillage)\u00a0<\/span><\/li>\n<li style=\"font-weight: 400;\"><span style=\"font-weight: 400;\">A la suite d\u2019un traitement incorrect du v\u00e9hicule (dommage m\u00e9canique \u00e0 l\u2019embrayage, vitesses, suspension etc., traitement incorrect du toit d\u2019un cabriolet (en particulier ne pas fermer le toit en cas de pluie, vent etc.)<\/span><\/li>\n<li style=\"font-weight: 400;\"><span style=\"font-weight: 400;\">La responsabilit\u00e9 inclut les co\u00fbts de r\u00e9paration (ou le remplacement du v\u00e9hicule en cas de perte compl\u00e8te) et aussi des co\u00fbts suppl\u00e9mentaires comme co\u00fbts de remorquage, frais d\u2019un rapport expert, r\u00e9duction de la valeur du v\u00e9hicule de location, perte de revenus de location, frais d\u2019avocat, frais d\u2019administration.\u00a0<\/span><\/li>\n<li style=\"font-weight: 400;\"><span style=\"font-weight: 400;\">Si des amendes ou p\u00e9nalit\u00e9s se produisent, li\u00e9s \u00e0 l\u2019utilisation du v\u00e9hicule, pour lesquelles r\u00e9clamations sont faites contre le Geneva Classic Car Club, le locataire doit rembourser le montant correspondant, plus charges administratives. En cas d\u2019une amende, nous chargeons des frais de traitement d\u2019au moins CHF 40 (ou en fonction des d\u00e9penses r\u00e9elles). Ceci ne s\u2019applique pas aux amendes et p\u00e9nalit\u00e9s qui se produisent en cons\u00e9quence de la responsabilit\u00e9 du Geneva Classic Car Club. En cas d\u2019infraction contre le code de la route en Suisse ou \u00e0 l\u2019\u00e9tranger, le locataire autorise le Geneva Classic Car Club \u00e0 donner les d\u00e9tails du contrat aux administrations officielles (police, minist\u00e8re publique, autorit\u00e9s routi\u00e8res etc.) en Suisse et \u00e0 l\u2019\u00e9tranger.<\/span><\/li>\n<li style=\"font-weight: 400;\"><span style=\"font-weight: 400;\">Une couverture compr\u00e9hensive d\u2019une assurance casco complet est inclus dans la location et la responsabilit\u00e9 du locataire est r\u00e9duite \u00e0 la franchise de l\u2019assurance comme d\u00e9crit dans le contrat de location.\u00a0<\/span><\/li>\n<li style=\"font-weight: 400;\"><span style=\"font-weight: 400;\">L\u2019exemption de la responsabilit\u00e9 ne s\u2019applique pas pour les dommages qui se produisent en connexion avec l\u2019utilisation du v\u00e9hicule par un conducteur non autoris\u00e9 ou une utilisation \u00e0 des fins d\u00e9fendues ou si le locataire ne s\u2019arr\u00eate pas au lieu d\u2019accident, ou si le dommage est caus\u00e9 de fa\u00e7on d\u00e9lib\u00e9r\u00e9e ou par grave n\u00e9gligence comme pr\u00e9vu dans le Swiss Road Traffic Act [SVG], incluant en particulier exc\u00e8s de vitesse, sur-fatigue, inaptitude \u00e0 la conduite suite \u00e0 l\u2019influence d\u2019alcool ou drogues et dommage r\u00e9sultant de la charge du v\u00e9hicule.<\/span><\/li>\n<li style=\"font-weight: 400;\"><span style=\"font-weight: 400;\">Aussi, toute exemption de la responsabilit\u00e9 du locataire donn\u00e9 par le loueur est uniquement valide si d\u00e9livr\u00e9e en \u00e9crit.\u00a0<\/span><\/li>\n<\/ul>\n<\/ul>\n<p><strong>19 Responsabilit\u00e9 du Geneva Classic Car Club<\/strong><\/p>\n<p><span style=\"font-weight: 400;\">Geneva Classic Car Club est responsable pour dommages qui se produisent pour le locataire suite \u00e0 un d\u00e9faut du v\u00e9hicule, en concordance avec les conditions pr\u00e9alables d\u00e9crites dans les Art. 259a and 259e of the Swiss Law of Obligations [OR], sauf si la responsabilit\u00e9 est r\u00e9gl\u00e9e autrement par accord individuel.\u00a0<\/span><\/p>\n<p><span style=\"font-weight: 400;\">Geneva Classic Car Club n\u2019est en aucun cas responsable pour les dommages ou la perte de quelque nature que ce soit, affectant les effets personnels ou objets contenus dans le v\u00e9hicule.<\/span><\/p>\n<p><span style=\"font-weight: 400;\">Par ailleurs, tout autre responsabilit\u00e9 contractuelle ou hors-contractuelle du Geneva Classic Car Club vers le locataire ou tout autre personne ayant droit sous le contrat est exclue, sauf si le Geneva Classic Car Club a caus\u00e9 le dommage de fa\u00e7on intentionnelle ou par grave n\u00e9gligence. Geneva Classic Car Club n\u2019est pas responsable pour dommages caus\u00e9s par ses personnes auxiliaires.\u00a0<\/span><\/p>\n<p><strong>20 Changements au contrat\u00a0<\/strong><\/p>\n<p><span style=\"font-weight: 400;\">Additions et changements \u00e0 ce contrat doivent imp\u00e9rativement \u00eatre en \u00e9crit pour \u00eatre valide l\u00e9galement.\u00a0<\/span><\/p>\n<p><strong>21 Changements \u00e0 la collection des v\u00e9hicules et aux conditions de location\u00a0<\/strong><\/p>\n<p><span style=\"font-weight: 400;\">Le nombre de v\u00e9hicules et les mod\u00e8les pr\u00e9cises du club se d\u00e9veloppent constamment et peuvent changer \u00e0 tout moment. R\u00e9servations confirm\u00e9es seront honor\u00e9es le plus possible.<\/span><\/p>\n<p><span style=\"font-weight: 400;\">Geneva Classic Car Club peut changer les conditions de la location des v\u00e9hicules \u00e0 tout moment.\u00a0<\/span><\/p>\n<p><strong>22 Provisions finales<\/strong><\/p>\n<p><span style=\"font-weight: 400;\">Dans l\u2019int\u00e9r\u00eat des clients honn\u00eates et responsables, Geneva Classic Car Club se r\u00e9serve en particulier le droit de r\u00e9silier, sans d\u00e9claration des raisons, des relations client avec des clients ou soci\u00e9t\u00e9s qui n\u2019adh\u00e8rent pas \u00e0 ces conditions g\u00e9n\u00e9rales. Ceci s\u2019applique pareillement suite \u00e0 tout infraction grave ou cas de sinistre.\u00a0<\/span><\/p>\n<p><span style=\"font-weight: 400;\">Geneva Classic Car Club a le droit de changer unilat\u00e9ralement \u00e0 tout moment les conditions g\u00e9n\u00e9rales pr\u00e9sentes et les tarifs et charges et tout autre provision g\u00e9n\u00e9ralement applicable du Geneva Classic Car Club. Le changement sera communiqu\u00e9 aux clients sous forme appropri\u00e9e, avec une p\u00e9riode de pr\u00e9avis de quatre semaines et, \u00e0 partir de cette date, sera pr\u00e9sum\u00e9 d\u2019\u00eatre note et approuv\u00e9 par les clients. La version actuellement applicable et contraignant des conditions g\u00e9n\u00e9rales et tout autre provision g\u00e9n\u00e9ralement applicables du Geneva Classic Car Club est publi\u00e9e sous <\/span><a href=\"http:\/\/www.genevaclassiccarclub.ch\"><span style=\"font-weight: 400;\">www.genevaclassiccarclub.ch<\/span><\/a><\/p>\n<p><strong>23 Loi applicable, lieu de juridiction\u00a0<\/strong><\/p>\n<p><span style=\"font-weight: 400;\">Ce contrat est sujet \u00e0 la loi Suisse. Le lieu de juridiction est Gen\u00e8ve.<\/span><\/p>\n<p><strong>24 Clause de protection des donn\u00e9es\u00a0<\/strong><\/p>\n<p><span style=\"font-weight: 400;\">Tous les v\u00e9hicules du Geneva Classic Car Club sont \u00e9quip\u00e9s avec un syst\u00e8me GPS de localisation. Le but est d\u2019un c\u00f4t\u00e9 de prot\u00e9ger contre vol et \u00e9galement de transmettre des donn\u00e9es comme position, vitesse et (ou appropri\u00e9) conditions du v\u00e9hicule au Geneva Classic Car Club et stocker temporairement. Ces donn\u00e9es ne sont utilis\u00e9es qu\u2019exclusivement dans le cas d\u2019un vol ou en cas de sinistre.<\/span><\/p>\n<p><span style=\"font-weight: 400;\">Les donn\u00e9es des clients ne sont utilis\u00e9es que pour et par le Geneva Classic Car Club, et ne sont pas disponibles aux tiers. A la r\u00e9siliation de l\u2019adh\u00e9sion, toutes les donn\u00e9es du client, sauf nom et historique de location sont supprim\u00e9es de fa\u00e7on irr\u00e9vocable.\u00a0<\/span><\/p>\n<p><strong>25 Clause de sauvegarde<\/strong><\/p>\n<p><span style=\"font-weight: 400;\">Si une clause de ce contrat, ou tout contenu d\u2019une annexe \u00e0 ce contrat qui forme une partie int\u00e9grale de celle-ci, est ou devient invalide, la validit\u00e9 du contrat dans d\u2019autres \u00e9gards n\u2019est pas affect\u00e9e. Les parties du contrat replaceront la clause invalide par une la clause valide qui approche le plus proche possible l\u2019objectif \u00e9conomique d\u00e9sir\u00e9 de la clause invalide et la balance du contrat convenue originalement. Le m\u00eame s\u2019applique \u00e0 tout omission dans le contrat.<\/span><\/p>\n<p>&nbsp;<\/p>\n<p><span style=\"font-weight: 400;\">Gen\u00e8ve, 12. D\u00e9cembre 2019<\/span><\/p>\n<p>&nbsp;<\/p>\n<p>[\/et_pb_text][\/et_pb_column][\/et_pb_row][\/et_pb_section][et_pb_section fb_built=\u00a0\u00bb1&Prime; fullwidth=\u00a0\u00bbon\u00a0\u00bb admin_label=\u00a0\u00bbDivider\u00a0\u00bb _builder_version=\u00a0\u00bb4.0.6&Prime; use_background_color_gradient=\u00a0\u00bbon\u00a0\u00bb background_color_gradient_start=\u00a0\u00bb#000202&Prime; background_color_gradient_end=\u00a0\u00bb#ba0000&Prime; background_color_gradient_direction=\u00a0\u00bb90deg\u00a0\u00bb height=\u00a0\u00bb5px\u00a0\u00bb saved_tabs=\u00a0\u00bball\u00a0\u00bb][\/et_pb_section][et_pb_section fb_built=\u00a0\u00bb1&Prime; fullwidth=\u00a0\u00bbon\u00a0\u00bb _builder_version=\u00a0\u00bb4.0.5&Prime; saved_tabs=\u00a0\u00bball\u00a0\u00bb][et_pb_dpfullwidth_blog remove_current_post=\u00a0\u00bbon\u00a0\u00bb custom_post_types=\u00a0\u00bbproduct\u00a0\u00bb include_categories=\u00a0\u00bb86&Prime; show_date=\u00a0\u00bboff\u00a0\u00bb show_categories=\u00a0\u00bbon\u00a0\u00bb hover_icon=\u00a0\u00bb%%171%%\u00a0\u00bb _builder_version=\u00a0\u00bb4.0.6&Prime;][\/et_pb_dpfullwidth_blog][\/et_pb_section][et_pb_section fb_built=\u00a0\u00bb1&Prime; _builder_version=\u00a0\u00bb4.0.6&Prime; background_enable_color=\u00a0\u00bboff\u00a0\u00bb use_background_color_gradient=\u00a0\u00bbon\u00a0\u00bb background_color_gradient_start=\u00a0\u00bb#000000&Prime; background_color_gradient_end=\u00a0\u00bb#2d2d2d\u00a0\u00bb background_color_gradient_direction=\u00a0\u00bb90deg\u00a0\u00bb custom_padding=\u00a0\u00bb0px||4px|||\u00a0\u00bb saved_tabs=\u00a0\u00bball\u00a0\u00bb global_module=\u00a0\u00bb21589&Prime;][et_pb_row column_structure=\u00a0\u00bb1_5,1_5,1_5,1_5,1_5&Prime; use_custom_gutter=\u00a0\u00bbon\u00a0\u00bb gutter_width=\u00a0\u00bb1&Prime; make_equal=\u00a0\u00bbon\u00a0\u00bb _builder_version=\u00a0\u00bb4.0.6&Prime; custom_padding=\u00a0\u00bb||0px||false|false\u00a0\u00bb][et_pb_column type=\u00a0\u00bb1_5&Prime; _builder_version=\u00a0\u00bb4.0.6&Prime;][et_pb_blurb title=\u00a0\u00bbContact\u00a0\u00bb url=\u00a0\u00bb@ET-DC@eyJkeW5hbWljIjp0cnVlLCJjb250ZW50IjoicG9zdF9saW5rX3VybF9wYWdlIiwic2V0dGluZ3MiOnsicG9zdF9pZCI6IjIxMTUzIn19@\u00a0\u00bb use_icon=\u00a0\u00bbon\u00a0\u00bb font_icon=\u00a0\u00bb%%153%%\u00a0\u00bb icon_color=\u00a0\u00bb#ffffff\u00a0\u00bb content_max_width=\u00a0\u00bb80px\u00a0\u00bb use_icon_font_size=\u00a0\u00bbon\u00a0\u00bb icon_font_size=\u00a0\u00bb36px\u00a0\u00bb _builder_version=\u00a0\u00bb4.1&Prime; _dynamic_attributes=\u00a0\u00bburl\u00a0\u00bb header_level=\u00a0\u00bbh5&Prime; header_font=\u00a0\u00bbGeorgia||||||||\u00a0\u00bb header_text_align=\u00a0\u00bbcenter\u00a0\u00bb header_text_color=\u00a0\u00bb#ffffff\u00a0\u00bb body_text_align=\u00a0\u00bbcenter\u00a0\u00bb text_orientation=\u00a0\u00bbcenter\u00a0\u00bb width=\u00a0\u00bb80px\u00a0\u00bb module_alignment=\u00a0\u00bbcenter\u00a0\u00bb hover_enabled=\u00a0\u00bb0&Prime; custom_css_blurb_image=\u00a0\u00bbmargin-bottom:15px;\u00a0\u00bb][\/et_pb_blurb][\/et_pb_column][et_pb_column type=\u00a0\u00bb1_5&Prime; _builder_version=\u00a0\u00bb4.0.6&Prime;][et_pb_blurb title=\u00a0\u00bb\u00c0 Propos\u00a0\u00bb url=\u00a0\u00bb@ET-DC@eyJkeW5hbWljIjp0cnVlLCJjb250ZW50IjoicG9zdF9saW5rX3VybF9wYWdlIiwic2V0dGluZ3MiOnsicG9zdF9pZCI6IjU3In19@\u00a0\u00bb use_icon=\u00a0\u00bbon\u00a0\u00bb font_icon=\u00a0\u00bb%%258%%\u00a0\u00bb icon_color=\u00a0\u00bb#ffffff\u00a0\u00bb content_max_width=\u00a0\u00bb80px\u00a0\u00bb use_icon_font_size=\u00a0\u00bbon\u00a0\u00bb icon_font_size=\u00a0\u00bb36px\u00a0\u00bb _builder_version=\u00a0\u00bb4.1&Prime; _dynamic_attributes=\u00a0\u00bburl\u00a0\u00bb header_level=\u00a0\u00bbh5&Prime; header_font=\u00a0\u00bbGeorgia||||||||\u00a0\u00bb header_text_align=\u00a0\u00bbcenter\u00a0\u00bb header_text_color=\u00a0\u00bb#ffffff\u00a0\u00bb body_text_align=\u00a0\u00bbcenter\u00a0\u00bb text_orientation=\u00a0\u00bbcenter\u00a0\u00bb width=\u00a0\u00bb80px\u00a0\u00bb module_alignment=\u00a0\u00bbcenter\u00a0\u00bb hover_enabled=\u00a0\u00bb0&Prime; custom_css_blurb_image=\u00a0\u00bbmargin-bottom:15px;\u00a0\u00bb][\/et_pb_blurb][\/et_pb_column][et_pb_column type=\u00a0\u00bb1_5&Prime; _builder_version=\u00a0\u00bb4.0.6&Prime;][et_pb_blurb title=\u00a0\u00bbMentions L\u00e9gales\u00a0\u00bb url=\u00a0\u00bb@ET-DC@eyJkeW5hbWljIjp0cnVlLCJjb250ZW50IjoicG9zdF9saW5rX3VybF9wYWdlIiwic2V0dGluZ3MiOnsicG9zdF9pZCI6IjIxMTUxIn19@\u00a0\u00bb use_icon=\u00a0\u00bbon\u00a0\u00bb font_icon=\u00a0\u00bb%%168%%\u00a0\u00bb icon_color=\u00a0\u00bb#ffffff\u00a0\u00bb content_max_width=\u00a0\u00bb90px\u00a0\u00bb use_icon_font_size=\u00a0\u00bbon\u00a0\u00bb icon_font_size=\u00a0\u00bb36px\u00a0\u00bb _builder_version=\u00a0\u00bb4.1&Prime; _dynamic_attributes=\u00a0\u00bburl\u00a0\u00bb header_level=\u00a0\u00bbh5&Prime; header_font=\u00a0\u00bbGeorgia||||||||\u00a0\u00bb header_text_align=\u00a0\u00bbcenter\u00a0\u00bb header_text_color=\u00a0\u00bb#ffffff\u00a0\u00bb body_text_align=\u00a0\u00bbcenter\u00a0\u00bb text_orientation=\u00a0\u00bbcenter\u00a0\u00bb width=\u00a0\u00bb90px\u00a0\u00bb module_alignment=\u00a0\u00bbcenter\u00a0\u00bb hover_enabled=\u00a0\u00bb0&Prime; custom_css_blurb_image=\u00a0\u00bbmargin-bottom:15px;\u00a0\u00bb][\/et_pb_blurb][\/et_pb_column][et_pb_column type=\u00a0\u00bb1_5&Prime; _builder_version=\u00a0\u00bb4.0.6&Prime;][et_pb_blurb title=\u00a0\u00bbArchives\u00a0\u00bb url=\u00a0\u00bb@ET-DC@eyJkeW5hbWljIjp0cnVlLCJjb250ZW50IjoicG9zdF9saW5rX3VybF9wYWdlIiwic2V0dGluZ3MiOnsicG9zdF9pZCI6IjIxMTQ3In19@\u00a0\u00bb use_icon=\u00a0\u00bbon\u00a0\u00bb font_icon=\u00a0\u00bb%%125%%\u00a0\u00bb icon_color=\u00a0\u00bb#ffffff\u00a0\u00bb content_max_width=\u00a0\u00bb80px\u00a0\u00bb use_icon_font_size=\u00a0\u00bbon\u00a0\u00bb icon_font_size=\u00a0\u00bb36px\u00a0\u00bb _builder_version=\u00a0\u00bb4.1&Prime; _dynamic_attributes=\u00a0\u00bburl\u00a0\u00bb header_level=\u00a0\u00bbh5&Prime; header_font=\u00a0\u00bbGeorgia||||||||\u00a0\u00bb header_text_align=\u00a0\u00bbcenter\u00a0\u00bb header_text_color=\u00a0\u00bb#ffffff\u00a0\u00bb body_text_align=\u00a0\u00bbcenter\u00a0\u00bb text_orientation=\u00a0\u00bbcenter\u00a0\u00bb width=\u00a0\u00bb80px\u00a0\u00bb module_alignment=\u00a0\u00bbcenter\u00a0\u00bb hover_enabled=\u00a0\u00bb0&Prime; custom_css_blurb_image=\u00a0\u00bbmargin-bottom:15px;\u00a0\u00bb][\/et_pb_blurb][\/et_pb_column][et_pb_column type=\u00a0\u00bb1_5&Prime; _builder_version=\u00a0\u00bb4.0.6&Prime;][et_pb_blurb title=\u00a0\u00bbFAQ\u00a0\u00bb url=\u00a0\u00bb@ET-DC@eyJkeW5hbWljIjp0cnVlLCJjb250ZW50IjoicG9zdF9saW5rX3VybF9wYWdlIiwic2V0dGluZ3MiOnsicG9zdF9pZCI6IjIxMTMxIn19@\u00a0\u00bb use_icon=\u00a0\u00bbon\u00a0\u00bb font_icon=\u00a0\u00bb%%84%%\u00a0\u00bb icon_color=\u00a0\u00bb#ffffff\u00a0\u00bb content_max_width=\u00a0\u00bb80px\u00a0\u00bb use_icon_font_size=\u00a0\u00bbon\u00a0\u00bb icon_font_size=\u00a0\u00bb36px\u00a0\u00bb _builder_version=\u00a0\u00bb4.1&Prime; _dynamic_attributes=\u00a0\u00bburl\u00a0\u00bb header_level=\u00a0\u00bbh5&Prime; header_font=\u00a0\u00bbGeorgia||||||||\u00a0\u00bb header_text_align=\u00a0\u00bbcenter\u00a0\u00bb header_text_color=\u00a0\u00bb#ffffff\u00a0\u00bb body_text_align=\u00a0\u00bbcenter\u00a0\u00bb text_orientation=\u00a0\u00bbcenter\u00a0\u00bb width=\u00a0\u00bb80px\u00a0\u00bb module_alignment=\u00a0\u00bbcenter\u00a0\u00bb custom_css_blurb_image=\u00a0\u00bbmargin-bottom:15px;\u00a0\u00bb][\/et_pb_blurb][\/et_pb_column][\/et_pb_row][\/et_pb_section]<\/p>\n","protected":false},"excerpt":{"rendered":"<p>[et_pb_section fb_built=\u00a0\u00bb1&Prime; fullwidth=\u00a0\u00bbon\u00a0\u00bb _builder_version=\u00a0\u00bb4.1&Prime; min_height=\u00a0\u00bb80px\u00a0\u00bb height=\u00a0\u00bb80px\u00a0\u00bb max_height=\u00a0\u00bb80px\u00a0\u00bb saved_tabs=\u00a0\u00bball\u00a0\u00bb global_module=\u00a0\u00bb21585&Prime;][et_pb_fullwidth_menu fullwidth_menu=\u00a0\u00bbon\u00a0\u00bb active_link_color=\u00a0\u00bb#700707&Prime; dropdown_menu_line_color=\u00a0\u00bb#e5e5e5&Prime; dropdown_menu_text_color=\u00a0\u00bb#000000&Prime; dropdown_menu_active_link_color=\u00a0\u00bb#720d0d\u00a0\u00bb mobile_menu_bg_color=\u00a0\u00bb#ffffff\u00a0\u00bb mobile_menu_text_color=\u00a0\u00bb#000000&Prime; logo=\u00a0\u00bbhttps:\/\/genevaclassiccarclub.ch\/wp-content\/uploads\/2019\/12\/gccc_logo_resize.png\u00a0\u00bb logo_url=\u00a0\u00bb@ET-DC@eyJkeW5hbWljIjp0cnVlLCJjb250ZW50IjoiaG9tZV91cmwiLCJzZXR0aW5ncyI6e319@\u00a0\u00bb logo_max_height=\u00a0\u00bb45px\u00a0\u00bb show_cart_icon=\u00a0\u00bbon\u00a0\u00bb _builder_version=\u00a0\u00bb4.1&Prime; _dynamic_attributes=\u00a0\u00bblogo_url\u00a0\u00bb menu_font=\u00a0\u00bbGeorgia||||||||\u00a0\u00bb menu_text_color=\u00a0\u00bb#000000&Prime; menu_font_size=\u00a0\u00bb17px\u00a0\u00bb use_background_color_gradient=\u00a0\u00bbon\u00a0\u00bb background_color_gradient_start=\u00a0\u00bb#ffffff\u00a0\u00bb background_color_gradient_end=\u00a0\u00bb#ededed\u00a0\u00bb background_color_gradient_direction=\u00a0\u00bb90deg\u00a0\u00bb background_color_gradient_overlays_image=\u00a0\u00bbon\u00a0\u00bb text_orientation=\u00a0\u00bbright\u00a0\u00bb width=\u00a0\u00bb100%\u00a0\u00bb max_width=\u00a0\u00bb100%\u00a0\u00bb min_height=\u00a0\u00bb100px\u00a0\u00bb height=\u00a0\u00bb100px\u00a0\u00bb max_height=\u00a0\u00bb100%\u00a0\u00bb border_width_bottom=\u00a0\u00bb1px\u00a0\u00bb border_color_bottom=\u00a0\u00bb#bababa\u00a0\u00bb][\/et_pb_fullwidth_menu][\/et_pb_section][et_pb_section fb_built=\u00a0\u00bb1&Prime; fullwidth=\u00a0\u00bbon\u00a0\u00bb admin_label=\u00a0\u00bbDivider\u00a0\u00bb _builder_version=\u00a0\u00bb4.0.6&Prime; use_background_color_gradient=\u00a0\u00bbon\u00a0\u00bb background_color_gradient_start=\u00a0\u00bb#000202&Prime; background_color_gradient_end=\u00a0\u00bb#ba0000&Prime; background_color_gradient_direction=\u00a0\u00bb90deg\u00a0\u00bb height=\u00a0\u00bb5px\u00a0\u00bb saved_tabs=\u00a0\u00bball\u00a0\u00bb][\/et_pb_section][et_pb_section fb_built=\u00a0\u00bb1&Prime; _builder_version=\u00a0\u00bb4.0.6&Prime;][et_pb_row _builder_version=\u00a0\u00bb3.25&Prime; background_size=\u00a0\u00bbinitial\u00a0\u00bb background_position=\u00a0\u00bbtop_left\u00a0\u00bb background_repeat=\u00a0\u00bbrepeat\u00a0\u00bb][et_pb_column type=\u00a0\u00bb4_4&Prime; [&hellip;]<\/p>\n","protected":false},"author":1,"featured_media":0,"parent":0,"menu_order":0,"comment_status":"closed","ping_status":"closed","template":"","meta":{"_et_pb_use_builder":"on","_et_pb_old_content":"","_et_gb_content_width":"","_mi_skip_tracking":false},"yoast_head":"<!-- This site is optimized with the Yoast SEO plugin v21.8.1 - https:\/\/yoast.com\/wordpress\/plugins\/seo\/ -->\n<title>Legal Notice - Geneva Classic Car Club<\/title>\n<meta name=\"robots\" content=\"index, follow, max-snippet:-1, max-image-preview:large, max-video-preview:-1\" \/>\n<link rel=\"canonical\" href=\"https:\/\/genevaclassiccarclub.ch\/fr\/legal-notice\/\" \/>\n<meta property=\"og:locale\" content=\"fr_FR\" \/>\n<meta property=\"og:type\" content=\"article\" \/>\n<meta property=\"og:title\" content=\"Legal Notice - Geneva Classic Car Club\" \/>\n<meta property=\"og:description\" content=\"[et_pb_section fb_built=\u00a0\u00bb1&Prime; fullwidth=\u00a0\u00bbon\u00a0\u00bb _builder_version=\u00a0\u00bb4.1&Prime; min_height=\u00a0\u00bb80px\u00a0\u00bb height=\u00a0\u00bb80px\u00a0\u00bb max_height=\u00a0\u00bb80px\u00a0\u00bb saved_tabs=\u00a0\u00bball\u00a0\u00bb global_module=\u00a0\u00bb21585&Prime;][et_pb_fullwidth_menu fullwidth_menu=\u00a0\u00bbon\u00a0\u00bb active_link_color=\u00a0\u00bb#700707&Prime; dropdown_menu_line_color=\u00a0\u00bb#e5e5e5&Prime; dropdown_menu_text_color=\u00a0\u00bb#000000&Prime; dropdown_menu_active_link_color=\u00a0\u00bb#720d0d\u00a0\u00bb mobile_menu_bg_color=\u00a0\u00bb#ffffff\u00a0\u00bb mobile_menu_text_color=\u00a0\u00bb#000000&Prime; logo=\u00a0\u00bbhttps:\/\/genevaclassiccarclub.ch\/wp-content\/uploads\/2019\/12\/gccc_logo_resize.png\u00a0\u00bb logo_url=\u00a0\u00bb@ET-DC@eyJkeW5hbWljIjp0cnVlLCJjb250ZW50IjoiaG9tZV91cmwiLCJzZXR0aW5ncyI6e319@\u00a0\u00bb logo_max_height=\u00a0\u00bb45px\u00a0\u00bb show_cart_icon=\u00a0\u00bbon\u00a0\u00bb _builder_version=\u00a0\u00bb4.1&Prime; _dynamic_attributes=\u00a0\u00bblogo_url\u00a0\u00bb menu_font=\u00a0\u00bbGeorgia||||||||\u00a0\u00bb menu_text_color=\u00a0\u00bb#000000&Prime; menu_font_size=\u00a0\u00bb17px\u00a0\u00bb use_background_color_gradient=\u00a0\u00bbon\u00a0\u00bb background_color_gradient_start=\u00a0\u00bb#ffffff\u00a0\u00bb background_color_gradient_end=\u00a0\u00bb#ededed\u00a0\u00bb background_color_gradient_direction=\u00a0\u00bb90deg\u00a0\u00bb background_color_gradient_overlays_image=\u00a0\u00bbon\u00a0\u00bb text_orientation=\u00a0\u00bbright\u00a0\u00bb width=\u00a0\u00bb100%\u00a0\u00bb max_width=\u00a0\u00bb100%\u00a0\u00bb min_height=\u00a0\u00bb100px\u00a0\u00bb height=\u00a0\u00bb100px\u00a0\u00bb max_height=\u00a0\u00bb100%\u00a0\u00bb border_width_bottom=\u00a0\u00bb1px\u00a0\u00bb border_color_bottom=\u00a0\u00bb#bababa\u00a0\u00bb][\/et_pb_fullwidth_menu][\/et_pb_section][et_pb_section fb_built=\u00a0\u00bb1&Prime; fullwidth=\u00a0\u00bbon\u00a0\u00bb admin_label=\u00a0\u00bbDivider\u00a0\u00bb _builder_version=\u00a0\u00bb4.0.6&Prime; use_background_color_gradient=\u00a0\u00bbon\u00a0\u00bb background_color_gradient_start=\u00a0\u00bb#000202&Prime; background_color_gradient_end=\u00a0\u00bb#ba0000&Prime; background_color_gradient_direction=\u00a0\u00bb90deg\u00a0\u00bb height=\u00a0\u00bb5px\u00a0\u00bb saved_tabs=\u00a0\u00bball\u00a0\u00bb][\/et_pb_section][et_pb_section fb_built=\u00a0\u00bb1&Prime; _builder_version=\u00a0\u00bb4.0.6&Prime;][et_pb_row _builder_version=\u00a0\u00bb3.25&Prime; background_size=\u00a0\u00bbinitial\u00a0\u00bb background_position=\u00a0\u00bbtop_left\u00a0\u00bb background_repeat=\u00a0\u00bbrepeat\u00a0\u00bb][et_pb_column type=\u00a0\u00bb4_4&Prime; [&hellip;]\" \/>\n<meta property=\"og:url\" content=\"https:\/\/genevaclassiccarclub.ch\/fr\/legal-notice\/\" \/>\n<meta property=\"og:site_name\" content=\"Geneva Classic Car Club\" \/>\n<meta property=\"article:modified_time\" content=\"2020-01-15T14:34:50+00:00\" \/>\n<meta name=\"twitter:card\" content=\"summary_large_image\" \/>\n<meta name=\"twitter:label1\" content=\"Dur\u00e9e de lecture estim\u00e9e\" \/>\n\t<meta name=\"twitter:data1\" content=\"26 minutes\" \/>\n<script type=\"application\/ld+json\" class=\"yoast-schema-graph\">{\"@context\":\"https:\/\/schema.org\",\"@graph\":[{\"@type\":\"WebPage\",\"@id\":\"https:\/\/genevaclassiccarclub.ch\/fr\/legal-notice\/\",\"url\":\"https:\/\/genevaclassiccarclub.ch\/fr\/legal-notice\/\",\"name\":\"Legal Notice - Geneva Classic Car Club\",\"isPartOf\":{\"@id\":\"https:\/\/genevaclassiccarclub.ch\/fr\/#website\"},\"datePublished\":\"2020-01-13T17:59:28+00:00\",\"dateModified\":\"2020-01-15T14:34:50+00:00\",\"breadcrumb\":{\"@id\":\"https:\/\/genevaclassiccarclub.ch\/fr\/legal-notice\/#breadcrumb\"},\"inLanguage\":\"fr-FR\",\"potentialAction\":[{\"@type\":\"ReadAction\",\"target\":[\"https:\/\/genevaclassiccarclub.ch\/fr\/legal-notice\/\"]}]},{\"@type\":\"BreadcrumbList\",\"@id\":\"https:\/\/genevaclassiccarclub.ch\/fr\/legal-notice\/#breadcrumb\",\"itemListElement\":[{\"@type\":\"ListItem\",\"position\":1,\"name\":\"Accueil\",\"item\":\"https:\/\/genevaclassiccarclub.ch\/fr\/\"},{\"@type\":\"ListItem\",\"position\":2,\"name\":\"Legal Notice\"}]},{\"@type\":\"WebSite\",\"@id\":\"https:\/\/genevaclassiccarclub.ch\/fr\/#website\",\"url\":\"https:\/\/genevaclassiccarclub.ch\/fr\/\",\"name\":\"Geneva Classic Car Club\",\"description\":\"Dive into the world of classic cars\",\"potentialAction\":[{\"@type\":\"SearchAction\",\"target\":{\"@type\":\"EntryPoint\",\"urlTemplate\":\"https:\/\/genevaclassiccarclub.ch\/fr\/?s={search_term_string}\"},\"query-input\":\"required name=search_term_string\"}],\"inLanguage\":\"fr-FR\"}]}<\/script>\n<!-- \/ Yoast SEO plugin. -->","yoast_head_json":{"title":"Legal Notice - Geneva Classic Car Club","robots":{"index":"index","follow":"follow","max-snippet":"max-snippet:-1","max-image-preview":"max-image-preview:large","max-video-preview":"max-video-preview:-1"},"canonical":"https:\/\/genevaclassiccarclub.ch\/fr\/legal-notice\/","og_locale":"fr_FR","og_type":"article","og_title":"Legal Notice - Geneva Classic Car Club","og_description":"[et_pb_section fb_built=\u00a0\u00bb1&Prime; fullwidth=\u00a0\u00bbon\u00a0\u00bb _builder_version=\u00a0\u00bb4.1&Prime; min_height=\u00a0\u00bb80px\u00a0\u00bb height=\u00a0\u00bb80px\u00a0\u00bb max_height=\u00a0\u00bb80px\u00a0\u00bb saved_tabs=\u00a0\u00bball\u00a0\u00bb global_module=\u00a0\u00bb21585&Prime;][et_pb_fullwidth_menu fullwidth_menu=\u00a0\u00bbon\u00a0\u00bb active_link_color=\u00a0\u00bb#700707&Prime; dropdown_menu_line_color=\u00a0\u00bb#e5e5e5&Prime; dropdown_menu_text_color=\u00a0\u00bb#000000&Prime; dropdown_menu_active_link_color=\u00a0\u00bb#720d0d\u00a0\u00bb mobile_menu_bg_color=\u00a0\u00bb#ffffff\u00a0\u00bb mobile_menu_text_color=\u00a0\u00bb#000000&Prime; logo=\u00a0\u00bbhttps:\/\/genevaclassiccarclub.ch\/wp-content\/uploads\/2019\/12\/gccc_logo_resize.png\u00a0\u00bb logo_url=\u00a0\u00bb@ET-DC@eyJkeW5hbWljIjp0cnVlLCJjb250ZW50IjoiaG9tZV91cmwiLCJzZXR0aW5ncyI6e319@\u00a0\u00bb logo_max_height=\u00a0\u00bb45px\u00a0\u00bb show_cart_icon=\u00a0\u00bbon\u00a0\u00bb _builder_version=\u00a0\u00bb4.1&Prime; _dynamic_attributes=\u00a0\u00bblogo_url\u00a0\u00bb menu_font=\u00a0\u00bbGeorgia||||||||\u00a0\u00bb menu_text_color=\u00a0\u00bb#000000&Prime; menu_font_size=\u00a0\u00bb17px\u00a0\u00bb use_background_color_gradient=\u00a0\u00bbon\u00a0\u00bb background_color_gradient_start=\u00a0\u00bb#ffffff\u00a0\u00bb background_color_gradient_end=\u00a0\u00bb#ededed\u00a0\u00bb background_color_gradient_direction=\u00a0\u00bb90deg\u00a0\u00bb background_color_gradient_overlays_image=\u00a0\u00bbon\u00a0\u00bb text_orientation=\u00a0\u00bbright\u00a0\u00bb width=\u00a0\u00bb100%\u00a0\u00bb max_width=\u00a0\u00bb100%\u00a0\u00bb min_height=\u00a0\u00bb100px\u00a0\u00bb height=\u00a0\u00bb100px\u00a0\u00bb max_height=\u00a0\u00bb100%\u00a0\u00bb border_width_bottom=\u00a0\u00bb1px\u00a0\u00bb border_color_bottom=\u00a0\u00bb#bababa\u00a0\u00bb][\/et_pb_fullwidth_menu][\/et_pb_section][et_pb_section fb_built=\u00a0\u00bb1&Prime; fullwidth=\u00a0\u00bbon\u00a0\u00bb admin_label=\u00a0\u00bbDivider\u00a0\u00bb _builder_version=\u00a0\u00bb4.0.6&Prime; use_background_color_gradient=\u00a0\u00bbon\u00a0\u00bb background_color_gradient_start=\u00a0\u00bb#000202&Prime; background_color_gradient_end=\u00a0\u00bb#ba0000&Prime; background_color_gradient_direction=\u00a0\u00bb90deg\u00a0\u00bb height=\u00a0\u00bb5px\u00a0\u00bb saved_tabs=\u00a0\u00bball\u00a0\u00bb][\/et_pb_section][et_pb_section fb_built=\u00a0\u00bb1&Prime; _builder_version=\u00a0\u00bb4.0.6&Prime;][et_pb_row _builder_version=\u00a0\u00bb3.25&Prime; background_size=\u00a0\u00bbinitial\u00a0\u00bb background_position=\u00a0\u00bbtop_left\u00a0\u00bb background_repeat=\u00a0\u00bbrepeat\u00a0\u00bb][et_pb_column type=\u00a0\u00bb4_4&Prime; [&hellip;]","og_url":"https:\/\/genevaclassiccarclub.ch\/fr\/legal-notice\/","og_site_name":"Geneva Classic Car Club","article_modified_time":"2020-01-15T14:34:50+00:00","twitter_card":"summary_large_image","twitter_misc":{"Dur\u00e9e de lecture estim\u00e9e":"26 minutes"},"schema":{"@context":"https:\/\/schema.org","@graph":[{"@type":"WebPage","@id":"https:\/\/genevaclassiccarclub.ch\/fr\/legal-notice\/","url":"https:\/\/genevaclassiccarclub.ch\/fr\/legal-notice\/","name":"Legal Notice - Geneva Classic Car Club","isPartOf":{"@id":"https:\/\/genevaclassiccarclub.ch\/fr\/#website"},"datePublished":"2020-01-13T17:59:28+00:00","dateModified":"2020-01-15T14:34:50+00:00","breadcrumb":{"@id":"https:\/\/genevaclassiccarclub.ch\/fr\/legal-notice\/#breadcrumb"},"inLanguage":"fr-FR","potentialAction":[{"@type":"ReadAction","target":["https:\/\/genevaclassiccarclub.ch\/fr\/legal-notice\/"]}]},{"@type":"BreadcrumbList","@id":"https:\/\/genevaclassiccarclub.ch\/fr\/legal-notice\/#breadcrumb","itemListElement":[{"@type":"ListItem","position":1,"name":"Accueil","item":"https:\/\/genevaclassiccarclub.ch\/fr\/"},{"@type":"ListItem","position":2,"name":"Legal Notice"}]},{"@type":"WebSite","@id":"https:\/\/genevaclassiccarclub.ch\/fr\/#website","url":"https:\/\/genevaclassiccarclub.ch\/fr\/","name":"Geneva Classic Car Club","description":"Dive into the world of classic cars","potentialAction":[{"@type":"SearchAction","target":{"@type":"EntryPoint","urlTemplate":"https:\/\/genevaclassiccarclub.ch\/fr\/?s={search_term_string}"},"query-input":"required name=search_term_string"}],"inLanguage":"fr-FR"}]}},"jetpack_sharing_enabled":true,"_links":{"self":[{"href":"https:\/\/genevaclassiccarclub.ch\/fr\/wp-json\/wp\/v2\/pages\/21151"}],"collection":[{"href":"https:\/\/genevaclassiccarclub.ch\/fr\/wp-json\/wp\/v2\/pages"}],"about":[{"href":"https:\/\/genevaclassiccarclub.ch\/fr\/wp-json\/wp\/v2\/types\/page"}],"author":[{"embeddable":true,"href":"https:\/\/genevaclassiccarclub.ch\/fr\/wp-json\/wp\/v2\/users\/1"}],"replies":[{"embeddable":true,"href":"https:\/\/genevaclassiccarclub.ch\/fr\/wp-json\/wp\/v2\/comments?post=21151"}],"version-history":[{"count":3,"href":"https:\/\/genevaclassiccarclub.ch\/fr\/wp-json\/wp\/v2\/pages\/21151\/revisions"}],"predecessor-version":[{"id":21599,"href":"https:\/\/genevaclassiccarclub.ch\/fr\/wp-json\/wp\/v2\/pages\/21151\/revisions\/21599"}],"wp:attachment":[{"href":"https:\/\/genevaclassiccarclub.ch\/fr\/wp-json\/wp\/v2\/media?parent=21151"}],"curies":[{"name":"wp","href":"https:\/\/api.w.org\/{rel}","templated":true}]}}