{"id":21222,"date":"2019-04-28T14:53:01","date_gmt":"2019-04-28T12:53:01","guid":{"rendered":"https:\/\/genevaclassiccarclub.ch\/produit\/citroen-ds-23-ie-pallas\/"},"modified":"2020-09-05T14:09:37","modified_gmt":"2020-09-05T12:09:37","slug":"citroen-ds-23-ie-pallas","status":"publish","type":"product","link":"https:\/\/genevaclassiccarclub.ch\/fr\/produit\/citroen-ds-23-ie-pallas\/","title":{"rendered":"Citroen DS 23 IE Pallas"},"content":{"rendered":"<p>[et_pb_section fb_built=\u00a0\u00bb1&Prime; fullwidth=\u00a0\u00bbon\u00a0\u00bb _builder_version=\u00a0\u00bb4.1&Prime; global_module=\u00a0\u00bb21585&Prime; saved_tabs=\u00a0\u00bball\u00a0\u00bb][et_pb_fullwidth_menu fullwidth_menu=\u00a0\u00bbon\u00a0\u00bb active_link_color=\u00a0\u00bb#700707&Prime; dropdown_menu_line_color=\u00a0\u00bb#e5e5e5&Prime; dropdown_menu_text_color=\u00a0\u00bb#000000&Prime; dropdown_menu_active_link_color=\u00a0\u00bb#720d0d\u00a0\u00bb mobile_menu_bg_color=\u00a0\u00bb#ffffff\u00a0\u00bb mobile_menu_text_color=\u00a0\u00bb#000000&Prime; logo=\u00a0\u00bbhttps:\/\/genevaclassiccarclub.ch\/wp-content\/uploads\/2019\/12\/gccc_logo_resize.png\u00a0\u00bb logo_url=\u00a0\u00bb@ET-DC@eyJkeW5hbWljIjp0cnVlLCJjb250ZW50IjoiaG9tZV91cmwiLCJzZXR0aW5ncyI6e319@\u00a0\u00bb logo_max_height=\u00a0\u00bb45px\u00a0\u00bb show_cart_icon=\u00a0\u00bbon\u00a0\u00bb _builder_version=\u00a0\u00bb4.1&Prime; _dynamic_attributes=\u00a0\u00bblogo_url\u00a0\u00bb menu_font=\u00a0\u00bbGeorgia||||||||\u00a0\u00bb menu_text_color=\u00a0\u00bb#000000&Prime; menu_font_size=\u00a0\u00bb17px\u00a0\u00bb use_background_color_gradient=\u00a0\u00bbon\u00a0\u00bb background_color_gradient_start=\u00a0\u00bb#ffffff\u00a0\u00bb background_color_gradient_end=\u00a0\u00bb#ededed\u00a0\u00bb background_color_gradient_direction=\u00a0\u00bb90deg\u00a0\u00bb background_color_gradient_overlays_image=\u00a0\u00bbon\u00a0\u00bb text_orientation=\u00a0\u00bbright\u00a0\u00bb max_height=\u00a0\u00bb100%\u00a0\u00bb border_width_bottom=\u00a0\u00bb1px\u00a0\u00bb border_color_bottom=\u00a0\u00bb#bababa\u00a0\u00bb][\/et_pb_fullwidth_menu][\/et_pb_section][et_pb_section fb_built=\u00a0\u00bb1&Prime; fullwidth=\u00a0\u00bbon\u00a0\u00bb admin_label=\u00a0\u00bbDivider\u00a0\u00bb _builder_version=\u00a0\u00bb4.0.6&Prime; use_background_color_gradient=\u00a0\u00bbon\u00a0\u00bb background_color_gradient_start=\u00a0\u00bb#000202&Prime; background_color_gradient_end=\u00a0\u00bb#ba0000&Prime; background_color_gradient_direction=\u00a0\u00bb90deg\u00a0\u00bb height=\u00a0\u00bb5px\u00a0\u00bb saved_tabs=\u00a0\u00bball\u00a0\u00bb][\/et_pb_section][et_pb_section fb_built=\u00a0\u00bb1&Prime; _builder_version=\u00a0\u00bb4.0.6&Prime; background_enable_color=\u00a0\u00bboff\u00a0\u00bb use_background_color_gradient=\u00a0\u00bbon\u00a0\u00bb background_color_gradient_start=\u00a0\u00bbrgba(255,255,255,0.58)\u00a0\u00bb background_color_gradient_end=\u00a0\u00bbrgba(255,255,255,0)\u00a0\u00bb background_color_gradient_direction=\u00a0\u00bb90deg\u00a0\u00bb background_color_gradient_start_position=\u00a0\u00bb56%\u00a0\u00bb background_color_gradient_overlays_image=\u00a0\u00bbon\u00a0\u00bb background_image=\u00a0\u00bbhttps:\/\/genevaclassiccarclub.ch\/wp-content\/uploads\/2017\/07\/3_citroen_DS23.jpeg\u00a0\u00bb custom_padding=\u00a0\u00bb38px||||false|false\u00a0\u00bb saved_tabs=\u00a0\u00bball\u00a0\u00bb][et_pb_row _builder_version=\u00a0\u00bb4.1&Prime; background_color=\u00a0\u00bb#ffffff\u00a0\u00bb background_size=\u00a0\u00bbinitial\u00a0\u00bb background_position=\u00a0\u00bbtop_left\u00a0\u00bb background_repeat=\u00a0\u00bbrepeat\u00a0\u00bb width_tablet=\u00a0\u00bb\u00a0\u00bb width_phone=\u00a0\u00bb100%\u00a0\u00bb width_last_edited=\u00a0\u00bbon|desktop\u00a0\u00bb custom_margin=\u00a0\u00bb||||false|false\u00a0\u00bb custom_margin_tablet=\u00a0\u00bb\u00a0\u00bb custom_margin_phone=\u00a0\u00bb|0px||0px|false|false\u00a0\u00bb custom_margin_last_edited=\u00a0\u00bbon|phone\u00a0\u00bb custom_padding=\u00a0\u00bb15px|35px|29px|26px|false|false\u00a0\u00bb saved_tabs=\u00a0\u00bball\u00a0\u00bb][et_pb_column type=\u00a0\u00bb4_4&Prime; _builder_version=\u00a0\u00bb4.0.6&Prime; custom_padding=\u00a0\u00bb|||\u00a0\u00bb custom_padding_tablet=\u00a0\u00bb\u00a0\u00bb custom_padding_phone=\u00a0\u00bb|30px||30px|false|false\u00a0\u00bb custom_padding_last_edited=\u00a0\u00bbon|phone\u00a0\u00bb custom_padding__hover=\u00a0\u00bb|||\u00a0\u00bb][et_pb_wc_title _builder_version=\u00a0\u00bb3.0.47&Prime; custom_margin=\u00a0\u00bb||-3px|||\u00a0\u00bb custom_padding=\u00a0\u00bb||18px|||\u00a0\u00bb][\/et_pb_wc_title][et_pb_wc_description description_type=\u00a0\u00bbdescription\u00a0\u00bb _builder_version=\u00a0\u00bb4.0.6&Prime; body_font=\u00a0\u00bb||||||||\u00a0\u00bb body_font_size=\u00a0\u00bb15px\u00a0\u00bb background_enable_color=\u00a0\u00bboff\u00a0\u00bb][\/et_pb_wc_description][\/et_pb_column][\/et_pb_row][et_pb_row column_structure=\u00a0\u00bb1_2,1_2&Prime; _builder_version=\u00a0\u00bb4.0.6&Prime; background_color=\u00a0\u00bb#ffffff\u00a0\u00bb background_size=\u00a0\u00bbinitial\u00a0\u00bb background_position=\u00a0\u00bbtop_left\u00a0\u00bb background_repeat=\u00a0\u00bbrepeat\u00a0\u00bb width=\u00a0\u00bb100%\u00a0\u00bb custom_padding=\u00a0\u00bb0px||0px||false|false\u00a0\u00bb saved_tabs=\u00a0\u00bball\u00a0\u00bb][et_pb_column type=\u00a0\u00bb1_2&Prime; _builder_version=\u00a0\u00bb3.25&Prime; custom_padding=\u00a0\u00bb|||\u00a0\u00bb custom_padding__hover=\u00a0\u00bb|||\u00a0\u00bb][et_pb_wc_images show_sale_badge=\u00a0\u00bboff\u00a0\u00bb _builder_version=\u00a0\u00bb4.0.6&Prime;][\/et_pb_wc_images][\/et_pb_column][et_pb_column type=\u00a0\u00bb1_2&Prime; _builder_version=\u00a0\u00bb4.0.6&Prime; background_enable_color=\u00a0\u00bboff\u00a0\u00bb use_background_color_gradient=\u00a0\u00bbon\u00a0\u00bb background_color_gradient_start=\u00a0\u00bbrgba(81,81,81,0.63)\u00a0\u00bb background_color_gradient_end=\u00a0\u00bb#515151&Prime; background_color_gradient_start_position=\u00a0\u00bb13%\u00a0\u00bb custom_padding=\u00a0\u00bb20px|20px|20px|20px|false|false\u00a0\u00bb border_radii=\u00a0\u00bbon|2px|2px|2px|2px\u00a0\u00bb box_shadow_style=\u00a0\u00bbpreset4&Prime; box_shadow_horizontal=\u00a0\u00bb0px\u00a0\u00bb box_shadow_vertical=\u00a0\u00bb4px\u00a0\u00bb box_shadow_spread=\u00a0\u00bb-1px\u00a0\u00bb box_shadow_color=\u00a0\u00bbrgba(0,0,0,0.13)\u00a0\u00bb custom_padding__hover=\u00a0\u00bb|||\u00a0\u00bb][et_pb_wc_rating _builder_version=\u00a0\u00bb3.0.47&Prime; custom_margin=\u00a0\u00bb-2em|0em|1.618em|0em|false|false\u00a0\u00bb][\/et_pb_wc_rating][et_pb_wc_price _builder_version=\u00a0\u00bb3.0.47&Prime;][\/et_pb_wc_price][et_pb_wc_add_to_cart show_quantity=\u00a0\u00bboff\u00a0\u00bb show_stock=\u00a0\u00bboff\u00a0\u00bb _builder_version=\u00a0\u00bb4.0.5&Prime; body_text_color=\u00a0\u00bb#ffffff\u00a0\u00bb custom_button=\u00a0\u00bbon\u00a0\u00bb button_text_color=\u00a0\u00bb#ffffff\u00a0\u00bb button_border_color=\u00a0\u00bb#ffffff\u00a0\u00bb button_border_radius=\u00a0\u00bb25px\u00a0\u00bb button_icon=\u00a0\u00bb%%95%%\u00a0\u00bb button_icon_color=\u00a0\u00bb#000000&Prime; button_icon_placement=\u00a0\u00bbleft\u00a0\u00bb button_custom_margin=\u00a0\u00bb|auto||auto|false|true\u00a0\u00bb text_orientation=\u00a0\u00bbcenter\u00a0\u00bb custom_padding=\u00a0\u00bb0px|||||\u00a0\u00bb border_color_all=\u00a0\u00bb#ffffff\u00a0\u00bb][\/et_pb_wc_add_to_cart][et_pb_wc_description _builder_version=\u00a0\u00bb4.0.6&Prime; body_text_color=\u00a0\u00bb#ffffff\u00a0\u00bb][\/et_pb_wc_description][\/et_pb_column][\/et_pb_row][\/et_pb_section][et_pb_section fb_built=\u00a0\u00bb1&Prime; fullwidth=\u00a0\u00bbon\u00a0\u00bb admin_label=\u00a0\u00bbDivider\u00a0\u00bb _builder_version=\u00a0\u00bb4.0.6&Prime; use_background_color_gradient=\u00a0\u00bbon\u00a0\u00bb background_color_gradient_start=\u00a0\u00bb#000202&Prime; background_color_gradient_end=\u00a0\u00bb#ba0000&Prime; background_color_gradient_direction=\u00a0\u00bb90deg\u00a0\u00bb height=\u00a0\u00bb5px\u00a0\u00bb saved_tabs=\u00a0\u00bball\u00a0\u00bb][\/et_pb_section][et_pb_section fb_built=\u00a0\u00bb1&Prime; fullwidth=\u00a0\u00bbon\u00a0\u00bb _builder_version=\u00a0\u00bb4.0.5&Prime; saved_tabs=\u00a0\u00bball\u00a0\u00bb][et_pb_dpfullwidth_blog remove_current_post=\u00a0\u00bbon\u00a0\u00bb custom_post_types=\u00a0\u00bbproduct\u00a0\u00bb include_categories=\u00a0\u00bb86&Prime; show_date=\u00a0\u00bboff\u00a0\u00bb show_categories=\u00a0\u00bbon\u00a0\u00bb hover_icon=\u00a0\u00bb%%171%%\u00a0\u00bb _builder_version=\u00a0\u00bb4.0.6&Prime;][\/et_pb_dpfullwidth_blog][\/et_pb_section][et_pb_section fb_built=\u00a0\u00bb1&Prime; _builder_version=\u00a0\u00bb4.1&Prime; background_enable_color=\u00a0\u00bboff\u00a0\u00bb use_background_color_gradient=\u00a0\u00bbon\u00a0\u00bb background_color_gradient_start=\u00a0\u00bb#000000&Prime; background_color_gradient_end=\u00a0\u00bb#2d2d2d\u00a0\u00bb background_color_gradient_direction=\u00a0\u00bb90deg\u00a0\u00bb height=\u00a0\u00bb0px\u00a0\u00bb max_height=\u00a0\u00bb0px\u00a0\u00bb custom_padding=\u00a0\u00bb0px||4px|||\u00a0\u00bb global_module=\u00a0\u00bb21589&Prime; saved_tabs=\u00a0\u00bball\u00a0\u00bb][\/et_pb_section]<\/p>\n","protected":false},"excerpt":{"rendered":"<div class=\"et_pb_module et_pb_text et_pb_text_1 et_pb_bg_layout_light et_pb_text_align_left\">\n<div class=\"et_pb_text_inner\">\n<div class=\"et_pb_module et_pb_text et_pb_text_1 et_pb_bg_layout_light et_pb_text_align_left\">\n<div class=\"et_pb_text_inner\">\n<div class=\"et_pb_module et_pb_text et_pb_text_1 et_pb_bg_layout_light et_pb_text_align_left\">\n<div class=\"et_pb_text_inner\">\n<p><strong>Ann\u00e9e : <\/strong>1973<strong><br \/>\n<\/strong><strong>Moteur : <\/strong>4 cylindres align\u00e9s, 2,4 Litres, Injection \u00e9lectronique<strong><br \/>\n<\/strong><strong>Performance :<\/strong> 130 cv<strong><br \/>\n<\/strong><strong>Transmission :<\/strong> Semi-Manuelle 5 vitesses<strong><br \/>\n<\/strong><strong>Vitesse max :\u00a0<\/strong>187 km\/h<strong><br \/>\n<\/strong><strong>Acceleration 0-100km\/h :<\/strong> 11.5 sec<strong><br \/>\n<\/strong><strong>Nombre de places :<\/strong> 5<br \/>\n<strong>Ceintures :<\/strong> oui<\/p>\n<p><strong>Cat\u00e9gorie : \u2605\u2605\u2605<\/strong><\/p>\n<\/div>\n<\/div>\n<\/div>\n<\/div>\n<\/div>\n<\/div>\n","protected":false},"featured_media":21054,"comment_status":"closed","ping_status":"closed","template":"","meta":{"_et_pb_use_builder":"on","_et_pb_old_content":"<div class=\"et_pb_tab_content\">\r\n<div class=\"et_pb_column et_pb_column_4_4 et_pb_column_3 et_pb_css_mix_blend_mode_passthrough et-last-child\">\r\n<div class=\"et_pb_module et_pb_text et_pb_text_3 et_pb_bg_layout_light et_pb_text_align_left\">\r\n<div class=\"et_pb_text_inner\">\r\n\r\nJamais dans l\u2019histoire automobile, l\u2019introduction d\u2019une nouvelle voiture n\u2019a permis un tel saut technologique. L\u2019utilisation de l\u2019hydraulique pour la suspension, la direction, les freins et les changements de vitesse, la forme a\u00e9rodynamique de la voiture, les mat\u00e9riaux de fabrication l\u00e9gers : tout \u00e9tait in\u00e9dit. Le r\u00e9sultat, une r\u00e9volution au niveau du confort, de la tenue de route, de la facilit\u00e9 d\u2019utilisation et de la capacit\u00e9 de rouler \u00e0 haute vitesse r\u00e9pr\u00e9sentait 20 ans d\u2019avance par rapport \u00e0 tout autre voiture sur la plan\u00e8te. Le design de la voiture refl\u00e8te tr\u00e8s bien cette modernit\u00e9; le designer Flaminio Bertoni a cr\u00e9\u00e9 quelque chose d\u2019extraordinaire. Notre voiture est un des derniers mod\u00e8les dot\u00e9e d\u2019un \u00e9quipement Pallas de luxe et du moteur le plus puissant de la gamme. Elle combine \u00e9galement de fa\u00e7on unique un changement de vitesse hydraulique avec un bo\u00eetier \u00e0 5 vitesses pour une conduite sans effort.\r\n\r\n<\/div>\r\n<\/div>\r\n<\/div>\r\n<\/div>","_et_gb_content_width":"","_mi_skip_tracking":false},"product_cat":[189],"product_tag":[],"booking_location":"","booking_location_type":"","booking_duration":1,"booking_duration_unit":"day","booking_buffer":0,"booking_cost":0,"booking_resources":[],"yoast_head":"<!-- This site is optimized with the Yoast SEO plugin v21.8.1 - https:\/\/yoast.com\/wordpress\/plugins\/seo\/ -->\n<title>Citroen DS 23 IE Pallas - Geneva Classic Car Club<\/title>\n<meta name=\"robots\" content=\"index, follow, max-snippet:-1, max-image-preview:large, max-video-preview:-1\" \/>\n<link rel=\"canonical\" href=\"https:\/\/genevaclassiccarclub.ch\/fr\/produit\/citroen-ds-23-ie-pallas\/\" \/>\n<meta property=\"og:locale\" content=\"fr_FR\" \/>\n<meta property=\"og:type\" content=\"article\" \/>\n<meta property=\"og:title\" content=\"Citroen DS 23 IE Pallas - Geneva Classic Car Club\" \/>\n<meta property=\"og:description\" content=\"Ann\u00e9e : 1973 Moteur : 4 cylindres align\u00e9s, 2,4 Litres, Injection \u00e9lectronique Performance : 130 cv Transmission : Semi-Manuelle 5 vitesses Vitesse max :\u00a0187 km\/h Acceleration 0-100km\/h : 11.5 sec Nombre de places : 5 Ceintures : oui  Cat\u00e9gorie : \u2605\u2605\u2605\" \/>\n<meta property=\"og:url\" content=\"https:\/\/genevaclassiccarclub.ch\/fr\/produit\/citroen-ds-23-ie-pallas\/\" \/>\n<meta property=\"og:site_name\" content=\"Geneva Classic Car Club\" \/>\n<meta property=\"article:modified_time\" content=\"2020-09-05T12:09:37+00:00\" \/>\n<meta property=\"og:image\" content=\"https:\/\/genevaclassiccarclub.ch\/wp-content\/uploads\/2019\/04\/citroenDS25.jpg\" \/>\n\t<meta property=\"og:image:width\" content=\"1278\" \/>\n\t<meta property=\"og:image:height\" content=\"852\" \/>\n\t<meta property=\"og:image:type\" content=\"image\/jpeg\" \/>\n<meta name=\"twitter:card\" content=\"summary_large_image\" \/>\n<meta name=\"twitter:label1\" content=\"Dur\u00e9e de lecture estim\u00e9e\" \/>\n\t<meta name=\"twitter:data1\" content=\"4 minutes\" \/>\n<script type=\"application\/ld+json\" class=\"yoast-schema-graph\">{\"@context\":\"https:\/\/schema.org\",\"@graph\":[{\"@type\":\"WebPage\",\"@id\":\"https:\/\/genevaclassiccarclub.ch\/fr\/produit\/citroen-ds-23-ie-pallas\/\",\"url\":\"https:\/\/genevaclassiccarclub.ch\/fr\/produit\/citroen-ds-23-ie-pallas\/\",\"name\":\"Citroen DS 23 IE Pallas - Geneva Classic Car Club\",\"isPartOf\":{\"@id\":\"https:\/\/genevaclassiccarclub.ch\/fr\/#website\"},\"datePublished\":\"2019-04-28T12:53:01+00:00\",\"dateModified\":\"2020-09-05T12:09:37+00:00\",\"breadcrumb\":{\"@id\":\"https:\/\/genevaclassiccarclub.ch\/fr\/produit\/citroen-ds-23-ie-pallas\/#breadcrumb\"},\"inLanguage\":\"fr-FR\",\"potentialAction\":[{\"@type\":\"ReadAction\",\"target\":[\"https:\/\/genevaclassiccarclub.ch\/fr\/produit\/citroen-ds-23-ie-pallas\/\"]}]},{\"@type\":\"BreadcrumbList\",\"@id\":\"https:\/\/genevaclassiccarclub.ch\/fr\/produit\/citroen-ds-23-ie-pallas\/#breadcrumb\",\"itemListElement\":[{\"@type\":\"ListItem\",\"position\":1,\"name\":\"Accueil\",\"item\":\"https:\/\/genevaclassiccarclub.ch\/fr\/\"},{\"@type\":\"ListItem\",\"position\":2,\"name\":\"Boutique\",\"item\":\"https:\/\/genevaclassiccarclub.ch\/boutique\/\"},{\"@type\":\"ListItem\",\"position\":3,\"name\":\"Citroen DS 23 IE Pallas\"}]},{\"@type\":\"WebSite\",\"@id\":\"https:\/\/genevaclassiccarclub.ch\/fr\/#website\",\"url\":\"https:\/\/genevaclassiccarclub.ch\/fr\/\",\"name\":\"Geneva Classic Car Club\",\"description\":\"Dive into the world of classic cars\",\"potentialAction\":[{\"@type\":\"SearchAction\",\"target\":{\"@type\":\"EntryPoint\",\"urlTemplate\":\"https:\/\/genevaclassiccarclub.ch\/fr\/?s={search_term_string}\"},\"query-input\":\"required name=search_term_string\"}],\"inLanguage\":\"fr-FR\"}]}<\/script>\n<!-- \/ Yoast SEO plugin. -->","yoast_head_json":{"title":"Citroen DS 23 IE Pallas - Geneva Classic Car Club","robots":{"index":"index","follow":"follow","max-snippet":"max-snippet:-1","max-image-preview":"max-image-preview:large","max-video-preview":"max-video-preview:-1"},"canonical":"https:\/\/genevaclassiccarclub.ch\/fr\/produit\/citroen-ds-23-ie-pallas\/","og_locale":"fr_FR","og_type":"article","og_title":"Citroen DS 23 IE Pallas - Geneva Classic Car Club","og_description":"Ann\u00e9e : 1973 Moteur : 4 cylindres align\u00e9s, 2,4 Litres, Injection \u00e9lectronique Performance : 130 cv Transmission : Semi-Manuelle 5 vitesses Vitesse max :\u00a0187 km\/h Acceleration 0-100km\/h : 11.5 sec Nombre de places : 5 Ceintures : oui  Cat\u00e9gorie : \u2605\u2605\u2605","og_url":"https:\/\/genevaclassiccarclub.ch\/fr\/produit\/citroen-ds-23-ie-pallas\/","og_site_name":"Geneva Classic Car Club","article_modified_time":"2020-09-05T12:09:37+00:00","og_image":[{"width":1278,"height":852,"url":"https:\/\/genevaclassiccarclub.ch\/wp-content\/uploads\/2019\/04\/citroenDS25.jpg","type":"image\/jpeg"}],"twitter_card":"summary_large_image","twitter_misc":{"Dur\u00e9e de lecture estim\u00e9e":"4 minutes"},"schema":{"@context":"https:\/\/schema.org","@graph":[{"@type":"WebPage","@id":"https:\/\/genevaclassiccarclub.ch\/fr\/produit\/citroen-ds-23-ie-pallas\/","url":"https:\/\/genevaclassiccarclub.ch\/fr\/produit\/citroen-ds-23-ie-pallas\/","name":"Citroen DS 23 IE Pallas - Geneva Classic Car Club","isPartOf":{"@id":"https:\/\/genevaclassiccarclub.ch\/fr\/#website"},"datePublished":"2019-04-28T12:53:01+00:00","dateModified":"2020-09-05T12:09:37+00:00","breadcrumb":{"@id":"https:\/\/genevaclassiccarclub.ch\/fr\/produit\/citroen-ds-23-ie-pallas\/#breadcrumb"},"inLanguage":"fr-FR","potentialAction":[{"@type":"ReadAction","target":["https:\/\/genevaclassiccarclub.ch\/fr\/produit\/citroen-ds-23-ie-pallas\/"]}]},{"@type":"BreadcrumbList","@id":"https:\/\/genevaclassiccarclub.ch\/fr\/produit\/citroen-ds-23-ie-pallas\/#breadcrumb","itemListElement":[{"@type":"ListItem","position":1,"name":"Accueil","item":"https:\/\/genevaclassiccarclub.ch\/fr\/"},{"@type":"ListItem","position":2,"name":"Boutique","item":"https:\/\/genevaclassiccarclub.ch\/boutique\/"},{"@type":"ListItem","position":3,"name":"Citroen DS 23 IE Pallas"}]},{"@type":"WebSite","@id":"https:\/\/genevaclassiccarclub.ch\/fr\/#website","url":"https:\/\/genevaclassiccarclub.ch\/fr\/","name":"Geneva Classic Car Club","description":"Dive into the world of classic cars","potentialAction":[{"@type":"SearchAction","target":{"@type":"EntryPoint","urlTemplate":"https:\/\/genevaclassiccarclub.ch\/fr\/?s={search_term_string}"},"query-input":"required name=search_term_string"}],"inLanguage":"fr-FR"}]}},"jetpack_sharing_enabled":true,"_links":{"self":[{"href":"https:\/\/genevaclassiccarclub.ch\/fr\/wp-json\/wp\/v2\/product\/21222"}],"collection":[{"href":"https:\/\/genevaclassiccarclub.ch\/fr\/wp-json\/wp\/v2\/product"}],"about":[{"href":"https:\/\/genevaclassiccarclub.ch\/fr\/wp-json\/wp\/v2\/types\/product"}],"replies":[{"embeddable":true,"href":"https:\/\/genevaclassiccarclub.ch\/fr\/wp-json\/wp\/v2\/comments?post=21222"}],"wp:featuredmedia":[{"embeddable":true,"href":"https:\/\/genevaclassiccarclub.ch\/fr\/wp-json\/wp\/v2\/media\/21054"}],"wp:attachment":[{"href":"https:\/\/genevaclassiccarclub.ch\/fr\/wp-json\/wp\/v2\/media?parent=21222"}],"wp:term":[{"taxonomy":"product_cat","embeddable":true,"href":"https:\/\/genevaclassiccarclub.ch\/fr\/wp-json\/wp\/v2\/product_cat?post=21222"},{"taxonomy":"product_tag","embeddable":true,"href":"https:\/\/genevaclassiccarclub.ch\/fr\/wp-json\/wp\/v2\/product_tag?post=21222"}],"curies":[{"name":"wp","href":"https:\/\/api.w.org\/{rel}","templated":true}]}}